{"id":177,"date":"2024-01-22T08:51:13","date_gmt":"2024-01-22T08:51:13","guid":{"rendered":"https:\/\/prof-baumann.de\/?page_id=177"},"modified":"2024-01-22T13:24:25","modified_gmt":"2024-01-22T13:24:25","slug":"termine-sprechzeiten","status":"publish","type":"page","link":"https:\/\/prof-baumann.de\/index.php\/praxis\/termine-sprechzeiten\/","title":{"rendered":"Termine &#038; Sprechzeiten"},"content":{"rendered":"\t\t<div data-elementor-type=\"wp-page\" data-elementor-id=\"177\" class=\"elementor elementor-177\">\n\t\t\t\t<div class=\"elementor-element elementor-element-8af5052 e-flex e-con-boxed wpr-particle-no wpr-jarallax-no wpr-parallax-no wpr-sticky-section-no wpr-equal-height-no e-con e-parent\" data-id=\"8af5052\" data-element_type=\"container\" data-e-type=\"container\">\n\t\t\t\t\t<div class=\"e-con-inner\">\n\t\t\t\t<div class=\"elementor-element elementor-element-777ba1e elementor-widget elementor-widget-image\" data-id=\"777ba1e\" data-element_type=\"widget\" data-e-type=\"widget\" data-widget_type=\"image.default\">\n\t\t\t\t<div class=\"elementor-widget-container\">\n\t\t\t\t\t\t\t\t\t\t\t\t\t\t\t<img fetchpriority=\"high\" decoding=\"async\" width=\"1024\" height=\"244\" src=\"https:\/\/prof-baumann.de\/wp-content\/uploads\/2024\/01\/neurologie-kalkar-bauman-start-1024x244.jpg\" class=\"attachment-large size-large wp-image-62\" alt=\"\" srcset=\"https:\/\/prof-baumann.de\/wp-content\/uploads\/2024\/01\/neurologie-kalkar-bauman-start-1024x244.jpg 1024w, https:\/\/prof-baumann.de\/wp-content\/uploads\/2024\/01\/neurologie-kalkar-bauman-start-300x72.jpg 300w, https:\/\/prof-baumann.de\/wp-content\/uploads\/2024\/01\/neurologie-kalkar-bauman-start-768x183.jpg 768w, https:\/\/prof-baumann.de\/wp-content\/uploads\/2024\/01\/neurologie-kalkar-bauman-start.jpg 1140w\" sizes=\"(max-width: 1024px) 100vw, 1024px\" \/>\t\t\t\t\t\t\t\t\t\t\t\t\t\t\t<\/div>\n\t\t\t\t<\/div>\n\t\t\t\t\t<\/div>\n\t\t\t\t<\/div>\n\t\t<div class=\"elementor-element elementor-element-dd8afcf e-flex e-con-boxed wpr-particle-no wpr-jarallax-no wpr-parallax-no wpr-sticky-section-no wpr-equal-height-no e-con e-parent\" data-id=\"dd8afcf\" data-element_type=\"container\" data-e-type=\"container\">\n\t\t\t\t\t<div class=\"e-con-inner\">\n\t\t<div class=\"elementor-element elementor-element-7484316 e-con-full e-flex wpr-particle-no wpr-jarallax-no wpr-parallax-no wpr-sticky-section-no wpr-equal-height-no e-con e-child\" data-id=\"7484316\" data-element_type=\"container\" data-e-type=\"container\">\n\t\t<div class=\"elementor-element elementor-element-f5e9da0 e-flex e-con-boxed wpr-particle-no wpr-jarallax-no wpr-parallax-no wpr-sticky-section-no wpr-equal-height-no e-con e-child\" data-id=\"f5e9da0\" data-element_type=\"container\" data-e-type=\"container\">\n\t\t\t\t\t<div class=\"e-con-inner\">\n\t\t\t\t<div class=\"elementor-element elementor-element-1a67ff7 elementor-widget elementor-widget-heading\" data-id=\"1a67ff7\" data-element_type=\"widget\" data-e-type=\"widget\" data-widget_type=\"heading.default\">\n\t\t\t\t<div class=\"elementor-widget-container\">\n\t\t\t\t\t<h1 class=\"elementor-heading-title elementor-size-default\">Termine &amp; Sprechzeiten<\/h1>\t\t\t\t<\/div>\n\t\t\t\t<\/div>\n\t\t\t\t<div class=\"elementor-element elementor-element-0f12764 elementor-widget elementor-widget-text-editor\" data-id=\"0f12764\" data-element_type=\"widget\" data-e-type=\"widget\" data-widget_type=\"text-editor.default\">\n\t\t\t\t<div class=\"elementor-widget-container\">\n\t\t\t\t\t\t\t\t\t<p class=\"bodytext\">Pers\u00f6nlichen Kontakt zum Centrum finden Sie t\u00e4glich vormittags von <b>9.00 Uhr bis 12.00 Uhr<\/b> sowie montags und donnerstags von <b>15.00 &#8211; 17.00 Uhr<\/b>.<\/p><p class=\"bodytext\">Rezeptbestellungen und die Abholung von Rezepten sind ausschlie\u00dflich montags und donnerstags von 14-17 Uhr telefonisch \u00fcber den Anrufbeantworter m\u00f6glich. Bei Rezeptbestellungen montags k\u00f6nnen diese dann fr\u00fchestens am darauffolgenden Donnerstag abgeholt werden. Gleiches gilt f\u00fcr Rezeptbestellungen donnerstags, die Rezepte k\u00f6nnen dann erst am folgenden Montag abgeholt werden.<\/p>\t\t\t\t\t\t\t\t<\/div>\n\t\t\t\t<\/div>\n\t\t\t\t<div class=\"elementor-element elementor-element-35ef1b0 elementor-widget elementor-widget-heading\" data-id=\"35ef1b0\" data-element_type=\"widget\" data-e-type=\"widget\" data-widget_type=\"heading.default\">\n\t\t\t\t<div class=\"elementor-widget-container\">\n\t\t\t\t\t<h4 class=\"elementor-heading-title elementor-size-default\">\u00d6ffnungszeiten der Rezeption<\/h4>\t\t\t\t<\/div>\n\t\t\t\t<\/div>\n\t\t\t\t\t<\/div>\n\t\t\t\t<\/div>\n\t\t\t\t<div class=\"elementor-element elementor-element-a33dd3a elementor-widget elementor-widget-text-editor\" data-id=\"a33dd3a\" data-element_type=\"widget\" data-e-type=\"widget\" data-widget_type=\"text-editor.default\">\n\t\t\t\t<div class=\"elementor-widget-container\">\n\t\t\t\t\t\t\t\t\t<p class=\"bodytext\"><b>9 Uhr <\/b>bis <b>12 Uhr<\/b> montags bis freitags.<br \/><b>15.00 Uhr<\/b> bis <b>17.00 Uhr<\/b><br \/>au\u00dfer dienstags, mittwochs und freitags.<\/p><p class=\"bodytext\">Au\u00dferhalb dieser Zeiten k\u00f6nnen Nachrichten gern auf den Anrufbeantworter gesprochen werden. Wir melden uns schnellstm\u00f6glich zur\u00fcck.<\/p>\t\t\t\t\t\t\t\t<\/div>\n\t\t\t\t<\/div>\n\t\t\t\t<\/div>\n\t\t<div class=\"elementor-element elementor-element-d792ff2 e-con-full e-flex wpr-particle-no wpr-jarallax-no wpr-parallax-no wpr-sticky-section-no wpr-equal-height-no e-con e-child\" data-id=\"d792ff2\" data-element_type=\"container\" data-e-type=\"container\">\n\t\t\t\t<div class=\"elementor-element elementor-element-53dae76 elementor-widget elementor-widget-heading\" data-id=\"53dae76\" data-element_type=\"widget\" data-e-type=\"widget\" data-widget_type=\"heading.default\">\n\t\t\t\t<div class=\"elementor-widget-container\">\n\t\t\t\t\t<h4 class=\"elementor-heading-title elementor-size-default\">Prof. Dr. med. Bruno Baumann<\/h4>\t\t\t\t<\/div>\n\t\t\t\t<\/div>\n\t\t\t\t<div class=\"elementor-element elementor-element-4cc03c9 elementor-widget elementor-widget-text-editor\" data-id=\"4cc03c9\" data-element_type=\"widget\" data-e-type=\"widget\" data-widget_type=\"text-editor.default\">\n\t\t\t\t<div class=\"elementor-widget-container\">\n\t\t\t\t\t\t\t\t\t<p><strong>Centrum f\u00fcr Neurotherapie und Schmerztherapie (CNST Kalkar)<\/strong><\/p><p>Talstasse 19<br \/>47546 Kalkar<br \/><br \/><strong>Tel:<\/strong> <a href=\"tel:02824 962568-0\">02824 962568-0<\/a><br \/><strong>Fax:<\/strong> 02824 962568-38<\/p>\t\t\t\t\t\t\t\t<\/div>\n\t\t\t\t<\/div>\n\t\t\t\t<div class=\"elementor-element elementor-element-67de235 elementor-widget elementor-widget-heading\" data-id=\"67de235\" data-element_type=\"widget\" data-e-type=\"widget\" data-widget_type=\"heading.default\">\n\t\t\t\t<div class=\"elementor-widget-container\">\n\t\t\t\t\t<h4 class=\"elementor-heading-title elementor-size-default\">Sprechzeiten<\/h4>\t\t\t\t<\/div>\n\t\t\t\t<\/div>\n\t\t\t\t<div class=\"elementor-element elementor-element-df25e36 elementor-widget elementor-widget-uael-business-hours\" data-id=\"df25e36\" data-element_type=\"widget\" data-e-type=\"widget\" data-settings=\"{&quot;section_bs_list_padding&quot;:{&quot;unit&quot;:&quot;px&quot;,&quot;top&quot;:&quot;0&quot;,&quot;right&quot;:&quot;0&quot;,&quot;bottom&quot;:&quot;0&quot;,&quot;left&quot;:&quot;0&quot;,&quot;isLinked&quot;:false},&quot;business_hours_day_align&quot;:&quot;left&quot;,&quot;business_hours_time_align&quot;:&quot;left&quot;,&quot;section_bs_list_padding_tablet&quot;:{&quot;unit&quot;:&quot;px&quot;,&quot;top&quot;:&quot;&quot;,&quot;right&quot;:&quot;&quot;,&quot;bottom&quot;:&quot;&quot;,&quot;left&quot;:&quot;&quot;,&quot;isLinked&quot;:true},&quot;section_bs_list_padding_mobile&quot;:{&quot;unit&quot;:&quot;px&quot;,&quot;top&quot;:&quot;&quot;,&quot;right&quot;:&quot;&quot;,&quot;bottom&quot;:&quot;&quot;,&quot;left&quot;:&quot;&quot;,&quot;isLinked&quot;:true}}\" data-widget_type=\"uael-business-hours.default\">\n\t\t\t\t<div class=\"elementor-widget-container\">\n\t\t\t\t\t\t<div class=\"uael-business-scheduler-box-wrapper\">\n\t\t\t<div class=\"uael-days\">\n\t\t\t\t\t\t\t<!-- CURRENT_ITEM div -->\n\t\t\t\t<div class=\"elementor-repeater-item-561a13f top-border-divider bs-background\">\n\t\t\t\t\t<div class=\"uael-inner\">\n\t\t\t\t\t\t<span class=\"heading-date uael-business-day\">\n\t\t\t\t\t\t\t<span>Montag<\/span>\n\t\t\t\t\t\t<\/span>\n\n\t\t\t\t\t\t<span class=\"heading-time uael-business-time\">\n\t\t\t\t\t\t\t<span class=\"inner-heading-time\">\n\t\t\t\t\t\t\t\t<span>\t09.00 - 12.00 Uhr 15.00 - 17.00 Uhr<\/span>\n\t\t\t\t\t\t\t<\/span>\n\t\t\t\t\t\t<\/span>\n\t\t\t\t\t<\/div>\n\t\t\t\t<\/div>\n\t\t\t\t\t\t\t\t<!-- CURRENT_ITEM div -->\n\t\t\t\t<div class=\"elementor-repeater-item-401e5c3 top-border-divider bs-background\">\n\t\t\t\t\t<div class=\"uael-inner uael-inner\">\n\t\t\t\t\t\t<span class=\"heading-date uael-business-day\">\n\t\t\t\t\t\t\t<span>Dienstag<\/span>\n\t\t\t\t\t\t<\/span>\n\n\t\t\t\t\t\t<span class=\"heading-time uael-business-time\">\n\t\t\t\t\t\t\t<span class=\"inner-heading-time inner-heading-time\">\n\t\t\t\t\t\t\t\t<span>09.00 - 12.00 Uhr<\/span>\n\t\t\t\t\t\t\t<\/span>\n\t\t\t\t\t\t<\/span>\n\t\t\t\t\t<\/div>\n\t\t\t\t<\/div>\n\t\t\t\t\t\t\t\t<!-- CURRENT_ITEM div -->\n\t\t\t\t<div class=\"elementor-repeater-item-e64c2ac top-border-divider bs-background\">\n\t\t\t\t\t<div class=\"uael-inner uael-inner uael-inner\">\n\t\t\t\t\t\t<span class=\"heading-date uael-business-day\">\n\t\t\t\t\t\t\t<span>Mittwoch<\/span>\n\t\t\t\t\t\t<\/span>\n\n\t\t\t\t\t\t<span class=\"heading-time uael-business-time\">\n\t\t\t\t\t\t\t<span class=\"inner-heading-time inner-heading-time inner-heading-time\">\n\t\t\t\t\t\t\t\t<span>09.00 - 12.00 Uhr<\/span>\n\t\t\t\t\t\t\t<\/span>\n\t\t\t\t\t\t<\/span>\n\t\t\t\t\t<\/div>\n\t\t\t\t<\/div>\n\t\t\t\t\t\t\t\t<!-- CURRENT_ITEM div -->\n\t\t\t\t<div class=\"elementor-repeater-item-f777d7c top-border-divider bs-background\">\n\t\t\t\t\t<div class=\"uael-inner uael-inner uael-inner uael-inner\">\n\t\t\t\t\t\t<span class=\"heading-date uael-business-day\">\n\t\t\t\t\t\t\t<span>Donnerstag<\/span>\n\t\t\t\t\t\t<\/span>\n\n\t\t\t\t\t\t<span class=\"heading-time uael-business-time\">\n\t\t\t\t\t\t\t<span class=\"inner-heading-time inner-heading-time inner-heading-time inner-heading-time\">\n\t\t\t\t\t\t\t\t<span>09.00 - 12.00 Uhr 15.00 - 17.00 Uhr<\/span>\n\t\t\t\t\t\t\t<\/span>\n\t\t\t\t\t\t<\/span>\n\t\t\t\t\t<\/div>\n\t\t\t\t<\/div>\n\t\t\t\t\t\t\t\t<!-- CURRENT_ITEM div -->\n\t\t\t\t<div class=\"elementor-repeater-item-0e68a05 top-border-divider bs-background\">\n\t\t\t\t\t<div class=\"uael-inner uael-inner uael-inner uael-inner uael-inner\">\n\t\t\t\t\t\t<span class=\"heading-date uael-business-day\">\n\t\t\t\t\t\t\t<span>Freitag<\/span>\n\t\t\t\t\t\t<\/span>\n\n\t\t\t\t\t\t<span class=\"heading-time uael-business-time\">\n\t\t\t\t\t\t\t<span class=\"inner-heading-time inner-heading-time inner-heading-time inner-heading-time inner-heading-time\">\n\t\t\t\t\t\t\t\t<span>09.00 - 12.00 Uhr<\/span>\n\t\t\t\t\t\t\t<\/span>\n\t\t\t\t\t\t<\/span>\n\t\t\t\t\t<\/div>\n\t\t\t\t<\/div>\n\t\t\t\t\t\t<\/div>\n\t\t<\/div>\n\t\t\t\t\t<\/div>\n\t\t\t\t<\/div>\n\t\t\t\t<\/div>\n\t\t\t\t\t<\/div>\n\t\t\t\t<\/div>\n\t\t\t\t<\/div>\n\t\t","protected":false},"excerpt":{"rendered":"<p>Termine &#038; Sprechzeiten Pers\u00f6nlichen Kontakt zum Centrum finden Sie t\u00e4glich vormittags von 9.00 Uhr bis 12.00 Uhr sowie montags und<\/p>\n","protected":false},"author":2,"featured_media":0,"parent":175,"menu_order":4,"comment_status":"closed","ping_status":"closed","template":"","meta":{"site-sidebar-layout":"no-sidebar","site-content-layout":"","ast-site-content-layout":"full-width-container","site-content-style":"default","site-sidebar-style":"default","ast-global-header-display":"","ast-banner-title-visibility":"","ast-main-header-display":"","ast-hfb-above-header-display":"","ast-hfb-below-header-display":"","ast-hfb-mobile-header-display":"","site-post-title":"disabled","ast-breadcrumbs-content":"","ast-featured-img":"disabled","footer-sml-layout":"","ast-disable-related-posts":"","theme-transparent-header-meta":"","adv-header-id-meta":"","stick-header-meta":"","header-above-stick-meta":"","header-main-stick-meta":"","header-below-stick-meta":"","astra-migrate-meta-layouts":"default","ast-page-background-enabled":"default","ast-page-background-meta":{"desktop":{"background-color":"var(--ast-global-color-4)","background-image":"","background-repeat":"repeat","background-position":"center center","background-size":"auto","background-attachment":"scroll","background-type":"","background-media":"","overlay-type":"","overlay-color":"","overlay-opacity":"","overlay-gradient":""},"tablet":{"background-color":"","background-image":"","background-repeat":"repeat","background-position":"center center","background-size":"auto","background-attachment":"scroll","background-type":"","background-media":"","overlay-type":"","overlay-color":"","overlay-opacity":"","overlay-gradient":""},"mobile":{"background-color":"","background-image":"","background-repeat":"repeat","background-position":"center center","background-size":"auto","background-attachment":"scroll","background-type":"","background-media":"","overlay-type":"","overlay-color":"","overlay-opacity":"","overlay-gradient":""}},"ast-content-background-meta":{"desktop":{"background-color":"var(--ast-global-color-5)","background-image":"","background-repeat":"repeat","background-position":"center center","background-size":"auto","background-attachment":"scroll","background-type":"","background-media":"","overlay-type":"","overlay-color":"","overlay-opacity":"","overlay-gradient":""},"tablet":{"background-color":"var(--ast-global-color-5)","background-image":"","background-repeat":"repeat","background-position":"center center","background-size":"auto","background-attachment":"scroll","background-type":"","background-media":"","overlay-type":"","overlay-color":"","overlay-opacity":"","overlay-gradient":""},"mobile":{"background-color":"var(--ast-global-color-5)","background-image":"","background-repeat":"repeat","background-position":"center center","background-size":"auto","background-attachment":"scroll","background-type":"","background-media":"","overlay-type":"","overlay-color":"","overlay-opacity":"","overlay-gradient":""}},"footnotes":""},"class_list":["post-177","page","type-page","status-publish","hentry"],"yoast_head":"<!-- This site is optimized with the Yoast SEO plugin v27.5 - https:\/\/yoast.com\/product\/yoast-seo-wordpress\/ -->\n<title>Termine &amp; Sprechzeiten - Prof. Dr. med. Bruno Baumann<\/title>\n<meta name=\"robots\" content=\"index, follow, max-snippet:-1, max-image-preview:large, max-video-preview:-1\" \/>\n<link rel=\"canonical\" href=\"https:\/\/prof-baumann.de\/index.php\/praxis\/termine-sprechzeiten\/\" \/>\n<meta property=\"og:locale\" content=\"de_DE\" \/>\n<meta property=\"og:type\" content=\"article\" \/>\n<meta property=\"og:title\" content=\"Termine &amp; Sprechzeiten - Prof. Dr. med. Bruno Baumann\" \/>\n<meta property=\"og:description\" content=\"Termine &#038; Sprechzeiten Pers\u00f6nlichen Kontakt zum Centrum finden Sie t\u00e4glich vormittags von 9.00 Uhr bis 12.00 Uhr sowie montags und\" \/>\n<meta property=\"og:url\" content=\"https:\/\/prof-baumann.de\/index.php\/praxis\/termine-sprechzeiten\/\" \/>\n<meta property=\"og:site_name\" content=\"Prof. Dr. med. Bruno Baumann\" \/>\n<meta property=\"article:modified_time\" content=\"2024-01-22T13:24:25+00:00\" \/>\n<meta property=\"og:image\" content=\"https:\/\/prof-baumann.de\/wp-content\/uploads\/2024\/01\/neurologie-kalkar-bauman-start-1024x244.jpg\" \/>\n<meta name=\"twitter:card\" content=\"summary_large_image\" \/>\n<meta name=\"twitter:label1\" content=\"Gesch\u00e4tzte Lesezeit\" \/>\n\t<meta name=\"twitter:data1\" content=\"2\u00a0Minuten\" \/>\n<script type=\"application\/ld+json\" class=\"yoast-schema-graph\">{\"@context\":\"https:\\\/\\\/schema.org\",\"@graph\":[{\"@type\":\"WebPage\",\"@id\":\"https:\\\/\\\/prof-baumann.de\\\/index.php\\\/praxis\\\/termine-sprechzeiten\\\/\",\"url\":\"https:\\\/\\\/prof-baumann.de\\\/index.php\\\/praxis\\\/termine-sprechzeiten\\\/\",\"name\":\"Termine & Sprechzeiten - Prof. Dr. med. Bruno Baumann\",\"isPartOf\":{\"@id\":\"https:\\\/\\\/prof-baumann.de\\\/#website\"},\"primaryImageOfPage\":{\"@id\":\"https:\\\/\\\/prof-baumann.de\\\/index.php\\\/praxis\\\/termine-sprechzeiten\\\/#primaryimage\"},\"image\":{\"@id\":\"https:\\\/\\\/prof-baumann.de\\\/index.php\\\/praxis\\\/termine-sprechzeiten\\\/#primaryimage\"},\"thumbnailUrl\":\"https:\\\/\\\/prof-baumann.de\\\/wp-content\\\/uploads\\\/2024\\\/01\\\/neurologie-kalkar-bauman-start-1024x244.jpg\",\"datePublished\":\"2024-01-22T08:51:13+00:00\",\"dateModified\":\"2024-01-22T13:24:25+00:00\",\"breadcrumb\":{\"@id\":\"https:\\\/\\\/prof-baumann.de\\\/index.php\\\/praxis\\\/termine-sprechzeiten\\\/#breadcrumb\"},\"inLanguage\":\"de\",\"potentialAction\":[{\"@type\":\"ReadAction\",\"target\":[\"https:\\\/\\\/prof-baumann.de\\\/index.php\\\/praxis\\\/termine-sprechzeiten\\\/\"]}]},{\"@type\":\"ImageObject\",\"inLanguage\":\"de\",\"@id\":\"https:\\\/\\\/prof-baumann.de\\\/index.php\\\/praxis\\\/termine-sprechzeiten\\\/#primaryimage\",\"url\":\"https:\\\/\\\/prof-baumann.de\\\/wp-content\\\/uploads\\\/2024\\\/01\\\/neurologie-kalkar-bauman-start.jpg\",\"contentUrl\":\"https:\\\/\\\/prof-baumann.de\\\/wp-content\\\/uploads\\\/2024\\\/01\\\/neurologie-kalkar-bauman-start.jpg\",\"width\":1140,\"height\":272,\"caption\":\"Centrum f\u00fcr Neurotherapie und Schmerztherapie\"},{\"@type\":\"BreadcrumbList\",\"@id\":\"https:\\\/\\\/prof-baumann.de\\\/index.php\\\/praxis\\\/termine-sprechzeiten\\\/#breadcrumb\",\"itemListElement\":[{\"@type\":\"ListItem\",\"position\":1,\"name\":\"Startseite\",\"item\":\"https:\\\/\\\/prof-baumann.de\\\/\"},{\"@type\":\"ListItem\",\"position\":2,\"name\":\"Praxis\",\"item\":\"https:\\\/\\\/prof-baumann.de\\\/index.php\\\/praxis\\\/\"},{\"@type\":\"ListItem\",\"position\":3,\"name\":\"Termine &#038; Sprechzeiten\"}]},{\"@type\":\"WebSite\",\"@id\":\"https:\\\/\\\/prof-baumann.de\\\/#website\",\"url\":\"https:\\\/\\\/prof-baumann.de\\\/\",\"name\":\"Prof. Dr. med. Bruno Baumann\",\"description\":\"\",\"potentialAction\":[{\"@type\":\"SearchAction\",\"target\":{\"@type\":\"EntryPoint\",\"urlTemplate\":\"https:\\\/\\\/prof-baumann.de\\\/?s={search_term_string}\"},\"query-input\":{\"@type\":\"PropertyValueSpecification\",\"valueRequired\":true,\"valueName\":\"search_term_string\"}}],\"inLanguage\":\"de\"}]}<\/script>\n<!-- \/ Yoast SEO plugin. -->","yoast_head_json":{"title":"Termine & Sprechzeiten - Prof. Dr. med. Bruno Baumann","robots":{"index":"index","follow":"follow","max-snippet":"max-snippet:-1","max-image-preview":"max-image-preview:large","max-video-preview":"max-video-preview:-1"},"canonical":"https:\/\/prof-baumann.de\/index.php\/praxis\/termine-sprechzeiten\/","og_locale":"de_DE","og_type":"article","og_title":"Termine & Sprechzeiten - Prof. Dr. med. Bruno Baumann","og_description":"Termine &#038; Sprechzeiten Pers\u00f6nlichen Kontakt zum Centrum finden Sie t\u00e4glich vormittags von 9.00 Uhr bis 12.00 Uhr sowie montags und","og_url":"https:\/\/prof-baumann.de\/index.php\/praxis\/termine-sprechzeiten\/","og_site_name":"Prof. Dr. med. Bruno Baumann","article_modified_time":"2024-01-22T13:24:25+00:00","og_image":[{"url":"https:\/\/prof-baumann.de\/wp-content\/uploads\/2024\/01\/neurologie-kalkar-bauman-start-1024x244.jpg","type":"","width":"","height":""}],"twitter_card":"summary_large_image","twitter_misc":{"Gesch\u00e4tzte Lesezeit":"2\u00a0Minuten"},"schema":{"@context":"https:\/\/schema.org","@graph":[{"@type":"WebPage","@id":"https:\/\/prof-baumann.de\/index.php\/praxis\/termine-sprechzeiten\/","url":"https:\/\/prof-baumann.de\/index.php\/praxis\/termine-sprechzeiten\/","name":"Termine & Sprechzeiten - Prof. Dr. med. Bruno Baumann","isPartOf":{"@id":"https:\/\/prof-baumann.de\/#website"},"primaryImageOfPage":{"@id":"https:\/\/prof-baumann.de\/index.php\/praxis\/termine-sprechzeiten\/#primaryimage"},"image":{"@id":"https:\/\/prof-baumann.de\/index.php\/praxis\/termine-sprechzeiten\/#primaryimage"},"thumbnailUrl":"https:\/\/prof-baumann.de\/wp-content\/uploads\/2024\/01\/neurologie-kalkar-bauman-start-1024x244.jpg","datePublished":"2024-01-22T08:51:13+00:00","dateModified":"2024-01-22T13:24:25+00:00","breadcrumb":{"@id":"https:\/\/prof-baumann.de\/index.php\/praxis\/termine-sprechzeiten\/#breadcrumb"},"inLanguage":"de","potentialAction":[{"@type":"ReadAction","target":["https:\/\/prof-baumann.de\/index.php\/praxis\/termine-sprechzeiten\/"]}]},{"@type":"ImageObject","inLanguage":"de","@id":"https:\/\/prof-baumann.de\/index.php\/praxis\/termine-sprechzeiten\/#primaryimage","url":"https:\/\/prof-baumann.de\/wp-content\/uploads\/2024\/01\/neurologie-kalkar-bauman-start.jpg","contentUrl":"https:\/\/prof-baumann.de\/wp-content\/uploads\/2024\/01\/neurologie-kalkar-bauman-start.jpg","width":1140,"height":272,"caption":"Centrum f\u00fcr Neurotherapie und Schmerztherapie"},{"@type":"BreadcrumbList","@id":"https:\/\/prof-baumann.de\/index.php\/praxis\/termine-sprechzeiten\/#breadcrumb","itemListElement":[{"@type":"ListItem","position":1,"name":"Startseite","item":"https:\/\/prof-baumann.de\/"},{"@type":"ListItem","position":2,"name":"Praxis","item":"https:\/\/prof-baumann.de\/index.php\/praxis\/"},{"@type":"ListItem","position":3,"name":"Termine &#038; Sprechzeiten"}]},{"@type":"WebSite","@id":"https:\/\/prof-baumann.de\/#website","url":"https:\/\/prof-baumann.de\/","name":"Prof. Dr. med. Bruno Baumann","description":"","potentialAction":[{"@type":"SearchAction","target":{"@type":"EntryPoint","urlTemplate":"https:\/\/prof-baumann.de\/?s={search_term_string}"},"query-input":{"@type":"PropertyValueSpecification","valueRequired":true,"valueName":"search_term_string"}}],"inLanguage":"de"}]}},"_links":{"self":[{"href":"https:\/\/prof-baumann.de\/index.php\/wp-json\/wp\/v2\/pages\/177","targetHints":{"allow":["GET"]}}],"collection":[{"href":"https:\/\/prof-baumann.de\/index.php\/wp-json\/wp\/v2\/pages"}],"about":[{"href":"https:\/\/prof-baumann.de\/index.php\/wp-json\/wp\/v2\/types\/page"}],"author":[{"embeddable":true,"href":"https:\/\/prof-baumann.de\/index.php\/wp-json\/wp\/v2\/users\/2"}],"replies":[{"embeddable":true,"href":"https:\/\/prof-baumann.de\/index.php\/wp-json\/wp\/v2\/comments?post=177"}],"version-history":[{"count":20,"href":"https:\/\/prof-baumann.de\/index.php\/wp-json\/wp\/v2\/pages\/177\/revisions"}],"predecessor-version":[{"id":326,"href":"https:\/\/prof-baumann.de\/index.php\/wp-json\/wp\/v2\/pages\/177\/revisions\/326"}],"up":[{"embeddable":true,"href":"https:\/\/prof-baumann.de\/index.php\/wp-json\/wp\/v2\/pages\/175"}],"wp:attachment":[{"href":"https:\/\/prof-baumann.de\/index.php\/wp-json\/wp\/v2\/media?parent=177"}],"curies":[{"name":"wp","href":"https:\/\/api.w.org\/{rel}","templated":true}]}}