{"id":356,"date":"2024-01-22T13:29:44","date_gmt":"2024-01-22T13:29:44","guid":{"rendered":"https:\/\/prof-baumann.de\/?page_id=356"},"modified":"2024-01-22T13:37:45","modified_gmt":"2024-01-22T13:37:45","slug":"alzheimer-schlaganfall","status":"publish","type":"page","link":"https:\/\/prof-baumann.de\/index.php\/leistungen\/alzheimer-schlaganfall\/","title":{"rendered":"Alzheimer, Schlaganfall"},"content":{"rendered":"\t\t<div data-elementor-type=\"wp-page\" data-elementor-id=\"356\" class=\"elementor elementor-356\">\n\t\t\t\t<div class=\"elementor-element elementor-element-8af5052 e-flex e-con-boxed wpr-particle-no wpr-jarallax-no wpr-parallax-no wpr-sticky-section-no wpr-equal-height-no e-con e-parent\" data-id=\"8af5052\" data-element_type=\"container\" data-e-type=\"container\">\n\t\t\t\t\t<div class=\"e-con-inner\">\n\t\t\t\t<div class=\"elementor-element elementor-element-777ba1e elementor-widget elementor-widget-image\" data-id=\"777ba1e\" data-element_type=\"widget\" data-e-type=\"widget\" data-widget_type=\"image.default\">\n\t\t\t\t<div class=\"elementor-widget-container\">\n\t\t\t\t\t\t\t\t\t\t\t\t\t\t\t<img fetchpriority=\"high\" decoding=\"async\" width=\"1024\" height=\"244\" src=\"https:\/\/prof-baumann.de\/wp-content\/uploads\/2024\/01\/neurologie-kalkar-bauman-alzheimer-1024x244.jpg\" class=\"attachment-large size-large wp-image-64\" alt=\"\" srcset=\"https:\/\/prof-baumann.de\/wp-content\/uploads\/2024\/01\/neurologie-kalkar-bauman-alzheimer-1024x244.jpg 1024w, https:\/\/prof-baumann.de\/wp-content\/uploads\/2024\/01\/neurologie-kalkar-bauman-alzheimer-300x72.jpg 300w, https:\/\/prof-baumann.de\/wp-content\/uploads\/2024\/01\/neurologie-kalkar-bauman-alzheimer-768x183.jpg 768w, https:\/\/prof-baumann.de\/wp-content\/uploads\/2024\/01\/neurologie-kalkar-bauman-alzheimer.jpg 1140w\" sizes=\"(max-width: 1024px) 100vw, 1024px\" \/>\t\t\t\t\t\t\t\t\t\t\t\t\t\t\t<\/div>\n\t\t\t\t<\/div>\n\t\t\t\t\t<\/div>\n\t\t\t\t<\/div>\n\t\t<div class=\"elementor-element elementor-element-dd8afcf e-flex e-con-boxed wpr-particle-no wpr-jarallax-no wpr-parallax-no wpr-sticky-section-no wpr-equal-height-no e-con e-parent\" data-id=\"dd8afcf\" data-element_type=\"container\" data-e-type=\"container\">\n\t\t\t\t\t<div class=\"e-con-inner\">\n\t\t<div class=\"elementor-element elementor-element-7484316 e-con-full e-flex wpr-particle-no wpr-jarallax-no wpr-parallax-no wpr-sticky-section-no wpr-equal-height-no e-con e-child\" data-id=\"7484316\" data-element_type=\"container\" data-e-type=\"container\">\n\t\t\t\t<div class=\"elementor-element elementor-element-1a67ff7 elementor-widget elementor-widget-heading\" data-id=\"1a67ff7\" data-element_type=\"widget\" data-e-type=\"widget\" data-widget_type=\"heading.default\">\n\t\t\t\t<div class=\"elementor-widget-container\">\n\t\t\t\t\t<h1 class=\"elementor-heading-title elementor-size-default\">Alzheimer, Schlaganfall<\/h1>\t\t\t\t<\/div>\n\t\t\t\t<\/div>\n\t\t\t\t<div class=\"elementor-element elementor-element-7fcd3d4 elementor-widget elementor-widget-heading\" data-id=\"7fcd3d4\" data-element_type=\"widget\" data-e-type=\"widget\" data-widget_type=\"heading.default\">\n\t\t\t\t<div class=\"elementor-widget-container\">\n\t\t\t\t\t<h4 class=\"elementor-heading-title elementor-size-default\">Individuell ermittelte Massnahmen bei leichten Formen<\/h4>\t\t\t\t<\/div>\n\t\t\t\t<\/div>\n\t\t\t\t<div class=\"elementor-element elementor-element-0f12764 elementor-widget elementor-widget-text-editor\" data-id=\"0f12764\" data-element_type=\"widget\" data-e-type=\"widget\" data-widget_type=\"text-editor.default\">\n\t\t\t\t<div class=\"elementor-widget-container\">\n\t\t\t\t\t\t\t\t\t<p>Es gibt viele Ratschl\u00e4ge zu Demenz und Schlaganfall. Entscheidend ist f\u00fcr Sie, Ihre pers\u00f6nlichen Ursachen durch ein innovatives Konzept zu ermitteln, um wirksame, einfache und kontrollierbare Massnahmen zu erm\u00f6glichen.<\/p>\t\t\t\t\t\t\t\t<\/div>\n\t\t\t\t<\/div>\n\t\t\t\t<div class=\"elementor-element elementor-element-ebe751a elementor-widget elementor-widget-heading\" data-id=\"ebe751a\" data-element_type=\"widget\" data-e-type=\"widget\" data-widget_type=\"heading.default\">\n\t\t\t\t<div class=\"elementor-widget-container\">\n\t\t\t\t\t<h4 class=\"elementor-heading-title elementor-size-default\">Innovative kurze Behandlung bei mittelschwerer Form von Alzheimer \/ Demenz<\/h4>\t\t\t\t<\/div>\n\t\t\t\t<\/div>\n\t\t\t\t<div class=\"elementor-element elementor-element-1ec44b5 elementor-widget elementor-widget-text-editor\" data-id=\"1ec44b5\" data-element_type=\"widget\" data-e-type=\"widget\" data-widget_type=\"text-editor.default\">\n\t\t\t\t<div class=\"elementor-widget-container\">\n\t\t\t\t\t\t\t\t\t<p>Nach der Diagnosestellung lassen wir Sie nicht allein. Mit einer ca. 2-w\u00f6chigen, durch neuartige Messungen kontrollierten Kompaktbehandlung der Demenz, die einander erg\u00e4nzende Neurostimulationsverfahren in Verbindung mit hilfreichen Gespr\u00e4chsangeboten und Informationen enth\u00e4lt, k\u00f6nnen gute Besserungseffekte in Bezug auf Denken, Ged\u00e4chtnis und Stimmung erzielt werden. Sie werden Ihre geistige Frische zur\u00fcckgewinnen und damit der Entwicklung einer Demenz wie zum Beispiel Alzheimer vorbeugen. Ebenso werden L\u00e4hmungen und andere Ausf\u00e4lle nach Schlaganfall gebessert.<\/p>\t\t\t\t\t\t\t\t<\/div>\n\t\t\t\t<\/div>\n\t\t\t\t<div class=\"elementor-element elementor-element-06e245f elementor-widget elementor-widget-heading\" data-id=\"06e245f\" data-element_type=\"widget\" data-e-type=\"widget\" data-widget_type=\"heading.default\">\n\t\t\t\t<div class=\"elementor-widget-container\">\n\t\t\t\t\t<h4 class=\"elementor-heading-title elementor-size-default\">Demenz<\/h4>\t\t\t\t<\/div>\n\t\t\t\t<\/div>\n\t\t\t\t<div class=\"elementor-element elementor-element-f412f96 elementor-widget elementor-widget-text-editor\" data-id=\"f412f96\" data-element_type=\"widget\" data-e-type=\"widget\" data-widget_type=\"text-editor.default\">\n\t\t\t\t<div class=\"elementor-widget-container\">\n\t\t\t\t\t\t\t\t\t<p class=\"bodytext\">Demenz ist ein \u00dcberbegriff f\u00fcr eine Reihe von Erkrankungen wie Morbus Alzheimer, die zu einem anhaltenden Abbau geistiger Leistungsf\u00e4higkeit und zu einer Pers\u00f6nlichkeitsver\u00e4nderung f\u00fchren.<br \/><br \/>Viele Menschen werden im Alter zunehmend vergesslicher \u2013 dies ist ein nat\u00fcrlicher Prozess. Ob es sich bei bestimmten Symptomen wie Ged\u00e4chtnisst\u00f6rungen, aber auch bei Schwindel oder depressiven Verstimmungen tats\u00e4chlich um Vorboten einer Demenz handelt, kann nur Ihr Facharzt kl\u00e4ren.<\/p>\t\t\t\t\t\t\t\t<\/div>\n\t\t\t\t<\/div>\n\t\t\t\t<div class=\"elementor-element elementor-element-3dfeaa5 elementor-widget elementor-widget-heading\" data-id=\"3dfeaa5\" data-element_type=\"widget\" data-e-type=\"widget\" data-widget_type=\"heading.default\">\n\t\t\t\t<div class=\"elementor-widget-container\">\n\t\t\t\t\t<h4 class=\"elementor-heading-title elementor-size-default\">H\u00e4ufige Ursachen f\u00fcr eine Demenzerkrankung<\/h4>\t\t\t\t<\/div>\n\t\t\t\t<\/div>\n\t\t\t\t<div class=\"elementor-element elementor-element-7db71b0 elementor-widget elementor-widget-text-editor\" data-id=\"7db71b0\" data-element_type=\"widget\" data-e-type=\"widget\" data-widget_type=\"text-editor.default\">\n\t\t\t\t<div class=\"elementor-widget-container\">\n\t\t\t\t\t\t\t\t\t<ul><li>Alzheimer-Krankheit<\/li><li>Durchblutungsst\u00f6rungen<\/li><li>Durchblutungsst\u00f6rungen des Gehirns, Schlaganf\u00e4lle<\/li><li>Parkinson-Krankheit, Lewy-K\u00f6rper-Krankheit<\/li><li>Vitamin- und Hormonmangelzust\u00e4nde<\/li><li>Hydrocephalus (erh\u00f6hter Hirndruck durch erweiterte Hirnkammern)<\/li><\/ul><p class=\"bodytext\"><br \/>Dar\u00fcber hinaus k\u00f6nnen Fl\u00fcssigkeitsmangel, bestimmte Medikamente oder psychische Erkrankungen vor\u00fcbergehende \u201ePseudodemenzen\u201c hervorrufen.<\/p>\t\t\t\t\t\t\t\t<\/div>\n\t\t\t\t<\/div>\n\t\t\t\t<div class=\"elementor-element elementor-element-b0a17e4 elementor-widget elementor-widget-heading\" data-id=\"b0a17e4\" data-element_type=\"widget\" data-e-type=\"widget\" data-widget_type=\"heading.default\">\n\t\t\t\t<div class=\"elementor-widget-container\">\n\t\t\t\t\t<h4 class=\"elementor-heading-title elementor-size-default\">Warum eine Fr\u00fchdiagnostik so wichtig f\u00fcr Ihre Gesundheit ist<\/h4>\t\t\t\t<\/div>\n\t\t\t\t<\/div>\n\t\t\t\t<div class=\"elementor-element elementor-element-817c7d6 elementor-widget elementor-widget-text-editor\" data-id=\"817c7d6\" data-element_type=\"widget\" data-e-type=\"widget\" data-widget_type=\"text-editor.default\">\n\t\t\t\t<div class=\"elementor-widget-container\">\n\t\t\t\t\t\t\t\t\t<p class=\"bodytext\">Mit der Feststellung Ihres pers\u00f6nlichen Schlaganfall- und Demenzrisikos sichern Sie Ihre Gesundheit und tragen damit ma\u00dfgeblich zur Erhaltung Ihrer Lebensqualit\u00e4t bei. Vor allem, wenn es in Ihrer Familie bereits Angeh\u00f6rige mit Demenzerkrankungen gibt, sollten Sie sich ggf. von einem neurologischen Facharzt untersuchen lassen. In unserem Centrum wenden wir modernste Methoden an, die es erm\u00f6glichen, bereits vor Ausbruch bemerkbarer Symptome eine Entwicklung hin zu einem Schlaganfall oder in Richtung einer Demenz festzustellen. Dies ebnet den Weg f\u00fcr gezielte vorbeugende Ma\u00dfnahmen und Behandlungen wie zum Beispiel intensive Kurzzeit-Therapien\u00a0oder den gezielten Einsatz eines Medikamentes.<\/p><p class=\"bodytext\">Bitte bedenken Sie: in vielen F\u00e4llen ist auch eine bereits eingetretene Demenz gut behandelbar!<\/p>\t\t\t\t\t\t\t\t<\/div>\n\t\t\t\t<\/div>\n\t\t\t\t<div class=\"elementor-element elementor-element-d93c810 elementor-widget elementor-widget-heading\" data-id=\"d93c810\" data-element_type=\"widget\" data-e-type=\"widget\" data-widget_type=\"heading.default\">\n\t\t\t\t<div class=\"elementor-widget-container\">\n\t\t\t\t\t<h4 class=\"elementor-heading-title elementor-size-default\">Schlaganfall<\/h4>\t\t\t\t<\/div>\n\t\t\t\t<\/div>\n\t\t\t\t<div class=\"elementor-element elementor-element-cd9305c elementor-widget elementor-widget-text-editor\" data-id=\"cd9305c\" data-element_type=\"widget\" data-e-type=\"widget\" data-widget_type=\"text-editor.default\">\n\t\t\t\t<div class=\"elementor-widget-container\">\n\t\t\t\t\t\t\t\t\t<p>J\u00e4hrlich erleiden in Deutschland mehr als 165.000 Menschen einen Schlaganfall, in Kleve und Wesel ca. 1.500. Jeder dritte bis vierte Patient, der einen Schlaganfall erlitten hat, stirbt an den unmittelbaren Folgen. Statistisch gesehen liegt der Schlaganfall damit an dritter Stelle der h\u00e4ufigsten Todesursachen. Jeder Zweite bleibt schwer behindert oder pflegebed\u00fcrftig.<\/p>\t\t\t\t\t\t\t\t<\/div>\n\t\t\t\t<\/div>\n\t\t\t\t<div class=\"elementor-element elementor-element-83fbb6c elementor-widget elementor-widget-heading\" data-id=\"83fbb6c\" data-element_type=\"widget\" data-e-type=\"widget\" data-widget_type=\"heading.default\">\n\t\t\t\t<div class=\"elementor-widget-container\">\n\t\t\t\t\t<h4 class=\"elementor-heading-title elementor-size-default\">Was ist ein Schlaganfall?<\/h4>\t\t\t\t<\/div>\n\t\t\t\t<\/div>\n\t\t\t\t<div class=\"elementor-element elementor-element-9a3921a elementor-widget elementor-widget-text-editor\" data-id=\"9a3921a\" data-element_type=\"widget\" data-e-type=\"widget\" data-widget_type=\"text-editor.default\">\n\t\t\t\t<div class=\"elementor-widget-container\">\n\t\t\t\t\t\t\t\t\t<p class=\"bodytext\">Ein unvermittelt (\u201eschlagartig\u201c) einsetzender Ausfall bestimmter Funktionen des Gehirns. Diese pl\u00f6tzliche Funktionsst\u00f6rung des zentralen Nervensystems wird durch Durchblutungsst\u00f6rungen oder Blutungen hervorgerufen.<br \/><br \/><strong>Ursachen f\u00fcr einen Schlaganfall:<\/strong><\/p><ul><li>Gehirnblutung, die durch Bluthochdruck oder Gef\u00e4\u00dfmissbildungen verursacht wurde<\/li><li>Blutgerinnsel, die durch Herzrhythmusst\u00f6rungen hervorgerufen wurden<\/li><li>Arteriosklerose (Verkalkung der Blutgef\u00e4\u00dfe)<\/li><\/ul>\t\t\t\t\t\t\t\t<\/div>\n\t\t\t\t<\/div>\n\t\t\t\t<div class=\"elementor-element elementor-element-f4d7744 elementor-widget elementor-widget-heading\" data-id=\"f4d7744\" data-element_type=\"widget\" data-e-type=\"widget\" data-widget_type=\"heading.default\">\n\t\t\t\t<div class=\"elementor-widget-container\">\n\t\t\t\t\t<h4 class=\"elementor-heading-title elementor-size-default\">Risikofaktoren<\/h4>\t\t\t\t<\/div>\n\t\t\t\t<\/div>\n\t\t\t\t<div class=\"elementor-element elementor-element-ddd52b3 elementor-widget elementor-widget-text-editor\" data-id=\"ddd52b3\" data-element_type=\"widget\" data-e-type=\"widget\" data-widget_type=\"text-editor.default\">\n\t\t\t\t<div class=\"elementor-widget-container\">\n\t\t\t\t\t\t\t\t\t<p class=\"bodytext\">Die Blutgef\u00e4\u00dfe unterliegen bei jedem Menschen einem nat\u00fcrlichen Alterungsprozess. Folgende Faktoren k\u00f6nnen aber Gef\u00e4\u00dfverkalkungen und somit unter Umst\u00e4nden einen Schlaganfall beg\u00fcnstigen:<\/p><ul><li>Bluthochdruck<\/li><li>Erh\u00f6hte Blutwerte f\u00fcr Cholesterin, Zucker, Harns\u00e4ure und Homocystein<\/li><li>Ungesunder Lebensstil mit wenig Bewegung<\/li><li>\u00dcbergewicht<\/li><li>Rauchen<\/li><\/ul>\t\t\t\t\t\t\t\t<\/div>\n\t\t\t\t<\/div>\n\t\t\t\t<div class=\"elementor-element elementor-element-fbb5554 elementor-widget elementor-widget-heading\" data-id=\"fbb5554\" data-element_type=\"widget\" data-e-type=\"widget\" data-widget_type=\"heading.default\">\n\t\t\t\t<div class=\"elementor-widget-container\">\n\t\t\t\t\t<h4 class=\"elementor-heading-title elementor-size-default\">Bitte sprechen Sie uns an. Denn Fr\u00fcherkennung ist wichtig!<\/h4>\t\t\t\t<\/div>\n\t\t\t\t<\/div>\n\t\t\t\t<\/div>\n\t\t<div class=\"elementor-element elementor-element-d792ff2 e-con-full e-flex wpr-particle-no wpr-jarallax-no wpr-parallax-no wpr-sticky-section-no wpr-equal-height-no e-con e-child\" data-id=\"d792ff2\" data-element_type=\"container\" data-e-type=\"container\">\n\t\t\t\t<div class=\"elementor-element elementor-element-35ef1b0 elementor-widget elementor-widget-heading\" data-id=\"35ef1b0\" data-element_type=\"widget\" data-e-type=\"widget\" data-widget_type=\"heading.default\">\n\t\t\t\t<div class=\"elementor-widget-container\">\n\t\t\t\t\t<h4 class=\"elementor-heading-title elementor-size-default\">Prof. Dr. med. Bruno Baumann<\/h4>\t\t\t\t<\/div>\n\t\t\t\t<\/div>\n\t\t\t\t<div class=\"elementor-element elementor-element-4cc03c9 elementor-widget elementor-widget-text-editor\" data-id=\"4cc03c9\" data-element_type=\"widget\" data-e-type=\"widget\" data-widget_type=\"text-editor.default\">\n\t\t\t\t<div class=\"elementor-widget-container\">\n\t\t\t\t\t\t\t\t\t<p><strong>Centrum f\u00fcr Neurotherapie und Schmerztherapie (CNST Kalkar)<\/strong><\/p><p>Talstasse 19<br \/>47546 Kalkar<br \/><br \/><strong>Tel:<\/strong> <a href=\"tel:02824 962568-0\">02824 962568-0<\/a><br \/><strong>Fax:<\/strong> 02824 962568-38<\/p>\t\t\t\t\t\t\t\t<\/div>\n\t\t\t\t<\/div>\n\t\t\t\t<div class=\"elementor-element elementor-element-67de235 elementor-widget elementor-widget-heading\" data-id=\"67de235\" data-element_type=\"widget\" data-e-type=\"widget\" data-widget_type=\"heading.default\">\n\t\t\t\t<div class=\"elementor-widget-container\">\n\t\t\t\t\t<h4 class=\"elementor-heading-title elementor-size-default\">Sprechzeiten<\/h4>\t\t\t\t<\/div>\n\t\t\t\t<\/div>\n\t\t\t\t<div class=\"elementor-element elementor-element-df25e36 elementor-widget elementor-widget-uael-business-hours\" data-id=\"df25e36\" data-element_type=\"widget\" data-e-type=\"widget\" data-settings=\"{&quot;section_bs_list_padding&quot;:{&quot;unit&quot;:&quot;px&quot;,&quot;top&quot;:&quot;0&quot;,&quot;right&quot;:&quot;0&quot;,&quot;bottom&quot;:&quot;0&quot;,&quot;left&quot;:&quot;0&quot;,&quot;isLinked&quot;:false},&quot;business_hours_day_align&quot;:&quot;left&quot;,&quot;business_hours_time_align&quot;:&quot;left&quot;,&quot;section_bs_list_padding_tablet&quot;:{&quot;unit&quot;:&quot;px&quot;,&quot;top&quot;:&quot;&quot;,&quot;right&quot;:&quot;&quot;,&quot;bottom&quot;:&quot;&quot;,&quot;left&quot;:&quot;&quot;,&quot;isLinked&quot;:true},&quot;section_bs_list_padding_mobile&quot;:{&quot;unit&quot;:&quot;px&quot;,&quot;top&quot;:&quot;&quot;,&quot;right&quot;:&quot;&quot;,&quot;bottom&quot;:&quot;&quot;,&quot;left&quot;:&quot;&quot;,&quot;isLinked&quot;:true}}\" data-widget_type=\"uael-business-hours.default\">\n\t\t\t\t<div class=\"elementor-widget-container\">\n\t\t\t\t\t\t<div class=\"uael-business-scheduler-box-wrapper\">\n\t\t\t<div class=\"uael-days\">\n\t\t\t\t\t\t\t<!-- CURRENT_ITEM div -->\n\t\t\t\t<div class=\"elementor-repeater-item-561a13f top-border-divider bs-background\">\n\t\t\t\t\t<div class=\"uael-inner\">\n\t\t\t\t\t\t<span class=\"heading-date uael-business-day\">\n\t\t\t\t\t\t\t<span>Montag<\/span>\n\t\t\t\t\t\t<\/span>\n\n\t\t\t\t\t\t<span class=\"heading-time uael-business-time\">\n\t\t\t\t\t\t\t<span class=\"inner-heading-time\">\n\t\t\t\t\t\t\t\t<span>\t09.00 - 12.00 Uhr 15.00 - 17.00 Uhr<\/span>\n\t\t\t\t\t\t\t<\/span>\n\t\t\t\t\t\t<\/span>\n\t\t\t\t\t<\/div>\n\t\t\t\t<\/div>\n\t\t\t\t\t\t\t\t<!-- CURRENT_ITEM div -->\n\t\t\t\t<div class=\"elementor-repeater-item-401e5c3 top-border-divider bs-background\">\n\t\t\t\t\t<div class=\"uael-inner uael-inner\">\n\t\t\t\t\t\t<span class=\"heading-date uael-business-day\">\n\t\t\t\t\t\t\t<span>Dienstag<\/span>\n\t\t\t\t\t\t<\/span>\n\n\t\t\t\t\t\t<span class=\"heading-time uael-business-time\">\n\t\t\t\t\t\t\t<span class=\"inner-heading-time inner-heading-time\">\n\t\t\t\t\t\t\t\t<span>09.00 - 12.00 Uhr<\/span>\n\t\t\t\t\t\t\t<\/span>\n\t\t\t\t\t\t<\/span>\n\t\t\t\t\t<\/div>\n\t\t\t\t<\/div>\n\t\t\t\t\t\t\t\t<!-- CURRENT_ITEM div -->\n\t\t\t\t<div class=\"elementor-repeater-item-e64c2ac top-border-divider bs-background\">\n\t\t\t\t\t<div class=\"uael-inner uael-inner uael-inner\">\n\t\t\t\t\t\t<span class=\"heading-date uael-business-day\">\n\t\t\t\t\t\t\t<span>Mittwoch<\/span>\n\t\t\t\t\t\t<\/span>\n\n\t\t\t\t\t\t<span class=\"heading-time uael-business-time\">\n\t\t\t\t\t\t\t<span class=\"inner-heading-time inner-heading-time inner-heading-time\">\n\t\t\t\t\t\t\t\t<span>09.00 - 12.00 Uhr<\/span>\n\t\t\t\t\t\t\t<\/span>\n\t\t\t\t\t\t<\/span>\n\t\t\t\t\t<\/div>\n\t\t\t\t<\/div>\n\t\t\t\t\t\t\t\t<!-- CURRENT_ITEM div -->\n\t\t\t\t<div class=\"elementor-repeater-item-f777d7c top-border-divider bs-background\">\n\t\t\t\t\t<div class=\"uael-inner uael-inner uael-inner uael-inner\">\n\t\t\t\t\t\t<span class=\"heading-date uael-business-day\">\n\t\t\t\t\t\t\t<span>Donnerstag<\/span>\n\t\t\t\t\t\t<\/span>\n\n\t\t\t\t\t\t<span class=\"heading-time uael-business-time\">\n\t\t\t\t\t\t\t<span class=\"inner-heading-time inner-heading-time inner-heading-time inner-heading-time\">\n\t\t\t\t\t\t\t\t<span>09.00 - 12.00 Uhr 15.00 - 17.00 Uhr<\/span>\n\t\t\t\t\t\t\t<\/span>\n\t\t\t\t\t\t<\/span>\n\t\t\t\t\t<\/div>\n\t\t\t\t<\/div>\n\t\t\t\t\t\t\t\t<!-- CURRENT_ITEM div -->\n\t\t\t\t<div class=\"elementor-repeater-item-0e68a05 top-border-divider bs-background\">\n\t\t\t\t\t<div class=\"uael-inner uael-inner uael-inner uael-inner uael-inner\">\n\t\t\t\t\t\t<span class=\"heading-date uael-business-day\">\n\t\t\t\t\t\t\t<span>Freitag<\/span>\n\t\t\t\t\t\t<\/span>\n\n\t\t\t\t\t\t<span class=\"heading-time uael-business-time\">\n\t\t\t\t\t\t\t<span class=\"inner-heading-time inner-heading-time inner-heading-time inner-heading-time inner-heading-time\">\n\t\t\t\t\t\t\t\t<span>09.00 - 12.00 Uhr<\/span>\n\t\t\t\t\t\t\t<\/span>\n\t\t\t\t\t\t<\/span>\n\t\t\t\t\t<\/div>\n\t\t\t\t<\/div>\n\t\t\t\t\t\t<\/div>\n\t\t<\/div>\n\t\t\t\t\t<\/div>\n\t\t\t\t<\/div>\n\t\t\t\t<\/div>\n\t\t\t\t\t<\/div>\n\t\t\t\t<\/div>\n\t\t\t\t<\/div>\n\t\t","protected":false},"excerpt":{"rendered":"<p>Alzheimer, Schlaganfall Individuell ermittelte Massnahmen bei leichten Formen Es gibt viele Ratschl\u00e4ge zu Demenz und Schlaganfall. Entscheidend ist f\u00fcr Sie,<\/p>\n","protected":false},"author":2,"featured_media":0,"parent":293,"menu_order":2,"comment_status":"closed","ping_status":"closed","template":"","meta":{"site-sidebar-layout":"no-sidebar","site-content-layout":"","ast-site-content-layout":"full-width-container","site-content-style":"default","site-sidebar-style":"default","ast-global-header-display":"","ast-banner-title-visibility":"","ast-main-header-display":"","ast-hfb-above-header-display":"","ast-hfb-below-header-display":"","ast-hfb-mobile-header-display":"","site-post-title":"disabled","ast-breadcrumbs-content":"","ast-featured-img":"disabled","footer-sml-layout":"","ast-disable-related-posts":"","theme-transparent-header-meta":"","adv-header-id-meta":"","stick-header-meta":"","header-above-stick-meta":"","header-main-stick-meta":"","header-below-stick-meta":"","astra-migrate-meta-layouts":"default","ast-page-background-enabled":"default","ast-page-background-meta":{"desktop":{"background-color":"var(--ast-global-color-4)","background-image":"","background-repeat":"repeat","background-position":"center center","background-size":"auto","background-attachment":"scroll","background-type":"","background-media":"","overlay-type":"","overlay-color":"","overlay-opacity":"","overlay-gradient":""},"tablet":{"background-color":"","background-image":"","background-repeat":"repeat","background-position":"center center","background-size":"auto","background-attachment":"scroll","background-type":"","background-media":"","overlay-type":"","overlay-color":"","overlay-opacity":"","overlay-gradient":""},"mobile":{"background-color":"","background-image":"","background-repeat":"repeat","background-position":"center center","background-size":"auto","background-attachment":"scroll","background-type":"","background-media":"","overlay-type":"","overlay-color":"","overlay-opacity":"","overlay-gradient":""}},"ast-content-background-meta":{"desktop":{"background-color":"var(--ast-global-color-5)","background-image":"","background-repeat":"repeat","background-position":"center center","background-size":"auto","background-attachment":"scroll","background-type":"","background-media":"","overlay-type":"","overlay-color":"","overlay-opacity":"","overlay-gradient":""},"tablet":{"background-color":"var(--ast-global-color-5)","background-image":"","background-repeat":"repeat","background-position":"center center","background-size":"auto","background-attachment":"scroll","background-type":"","background-media":"","overlay-type":"","overlay-color":"","overlay-opacity":"","overlay-gradient":""},"mobile":{"background-color":"var(--ast-global-color-5)","background-image":"","background-repeat":"repeat","background-position":"center center","background-size":"auto","background-attachment":"scroll","background-type":"","background-media":"","overlay-type":"","overlay-color":"","overlay-opacity":"","overlay-gradient":""}},"footnotes":""},"class_list":["post-356","page","type-page","status-publish","hentry"],"yoast_head":"<!-- This site is optimized with the Yoast SEO plugin v27.5 - https:\/\/yoast.com\/product\/yoast-seo-wordpress\/ -->\n<title>Alzheimer, Schlaganfall - Prof. Dr. med. Bruno Baumann<\/title>\n<meta name=\"robots\" content=\"index, follow, max-snippet:-1, max-image-preview:large, max-video-preview:-1\" \/>\n<link rel=\"canonical\" href=\"https:\/\/prof-baumann.de\/index.php\/leistungen\/alzheimer-schlaganfall\/\" \/>\n<meta property=\"og:locale\" content=\"de_DE\" \/>\n<meta property=\"og:type\" content=\"article\" \/>\n<meta property=\"og:title\" content=\"Alzheimer, Schlaganfall - Prof. Dr. med. Bruno Baumann\" \/>\n<meta property=\"og:description\" content=\"Alzheimer, Schlaganfall Individuell ermittelte Massnahmen bei leichten Formen Es gibt viele Ratschl\u00e4ge zu Demenz und Schlaganfall. Entscheidend ist f\u00fcr Sie,\" \/>\n<meta property=\"og:url\" content=\"https:\/\/prof-baumann.de\/index.php\/leistungen\/alzheimer-schlaganfall\/\" \/>\n<meta property=\"og:site_name\" content=\"Prof. Dr. med. Bruno Baumann\" \/>\n<meta property=\"article:modified_time\" content=\"2024-01-22T13:37:45+00:00\" \/>\n<meta property=\"og:image\" content=\"https:\/\/prof-baumann.de\/wp-content\/uploads\/2024\/01\/neurologie-kalkar-bauman-alzheimer-1024x244.jpg\" \/>\n<meta name=\"twitter:card\" content=\"summary_large_image\" \/>\n<meta name=\"twitter:label1\" content=\"Gesch\u00e4tzte Lesezeit\" \/>\n\t<meta name=\"twitter:data1\" content=\"4\u00a0Minuten\" \/>\n<script type=\"application\/ld+json\" class=\"yoast-schema-graph\">{\"@context\":\"https:\\\/\\\/schema.org\",\"@graph\":[{\"@type\":\"WebPage\",\"@id\":\"https:\\\/\\\/prof-baumann.de\\\/index.php\\\/leistungen\\\/alzheimer-schlaganfall\\\/\",\"url\":\"https:\\\/\\\/prof-baumann.de\\\/index.php\\\/leistungen\\\/alzheimer-schlaganfall\\\/\",\"name\":\"Alzheimer, Schlaganfall - Prof. Dr. med. Bruno Baumann\",\"isPartOf\":{\"@id\":\"https:\\\/\\\/prof-baumann.de\\\/#website\"},\"primaryImageOfPage\":{\"@id\":\"https:\\\/\\\/prof-baumann.de\\\/index.php\\\/leistungen\\\/alzheimer-schlaganfall\\\/#primaryimage\"},\"image\":{\"@id\":\"https:\\\/\\\/prof-baumann.de\\\/index.php\\\/leistungen\\\/alzheimer-schlaganfall\\\/#primaryimage\"},\"thumbnailUrl\":\"https:\\\/\\\/prof-baumann.de\\\/wp-content\\\/uploads\\\/2024\\\/01\\\/neurologie-kalkar-bauman-alzheimer-1024x244.jpg\",\"datePublished\":\"2024-01-22T13:29:44+00:00\",\"dateModified\":\"2024-01-22T13:37:45+00:00\",\"breadcrumb\":{\"@id\":\"https:\\\/\\\/prof-baumann.de\\\/index.php\\\/leistungen\\\/alzheimer-schlaganfall\\\/#breadcrumb\"},\"inLanguage\":\"de\",\"potentialAction\":[{\"@type\":\"ReadAction\",\"target\":[\"https:\\\/\\\/prof-baumann.de\\\/index.php\\\/leistungen\\\/alzheimer-schlaganfall\\\/\"]}]},{\"@type\":\"ImageObject\",\"inLanguage\":\"de\",\"@id\":\"https:\\\/\\\/prof-baumann.de\\\/index.php\\\/leistungen\\\/alzheimer-schlaganfall\\\/#primaryimage\",\"url\":\"https:\\\/\\\/prof-baumann.de\\\/wp-content\\\/uploads\\\/2024\\\/01\\\/neurologie-kalkar-bauman-alzheimer.jpg\",\"contentUrl\":\"https:\\\/\\\/prof-baumann.de\\\/wp-content\\\/uploads\\\/2024\\\/01\\\/neurologie-kalkar-bauman-alzheimer.jpg\",\"width\":1140,\"height\":272},{\"@type\":\"BreadcrumbList\",\"@id\":\"https:\\\/\\\/prof-baumann.de\\\/index.php\\\/leistungen\\\/alzheimer-schlaganfall\\\/#breadcrumb\",\"itemListElement\":[{\"@type\":\"ListItem\",\"position\":1,\"name\":\"Startseite\",\"item\":\"https:\\\/\\\/prof-baumann.de\\\/\"},{\"@type\":\"ListItem\",\"position\":2,\"name\":\"Leistungen\",\"item\":\"https:\\\/\\\/prof-baumann.de\\\/index.php\\\/leistungen\\\/\"},{\"@type\":\"ListItem\",\"position\":3,\"name\":\"Alzheimer, Schlaganfall\"}]},{\"@type\":\"WebSite\",\"@id\":\"https:\\\/\\\/prof-baumann.de\\\/#website\",\"url\":\"https:\\\/\\\/prof-baumann.de\\\/\",\"name\":\"Prof. Dr. med. Bruno Baumann\",\"description\":\"\",\"potentialAction\":[{\"@type\":\"SearchAction\",\"target\":{\"@type\":\"EntryPoint\",\"urlTemplate\":\"https:\\\/\\\/prof-baumann.de\\\/?s={search_term_string}\"},\"query-input\":{\"@type\":\"PropertyValueSpecification\",\"valueRequired\":true,\"valueName\":\"search_term_string\"}}],\"inLanguage\":\"de\"}]}<\/script>\n<!-- \/ Yoast SEO plugin. -->","yoast_head_json":{"title":"Alzheimer, Schlaganfall - Prof. Dr. med. Bruno Baumann","robots":{"index":"index","follow":"follow","max-snippet":"max-snippet:-1","max-image-preview":"max-image-preview:large","max-video-preview":"max-video-preview:-1"},"canonical":"https:\/\/prof-baumann.de\/index.php\/leistungen\/alzheimer-schlaganfall\/","og_locale":"de_DE","og_type":"article","og_title":"Alzheimer, Schlaganfall - Prof. Dr. med. Bruno Baumann","og_description":"Alzheimer, Schlaganfall Individuell ermittelte Massnahmen bei leichten Formen Es gibt viele Ratschl\u00e4ge zu Demenz und Schlaganfall. Entscheidend ist f\u00fcr Sie,","og_url":"https:\/\/prof-baumann.de\/index.php\/leistungen\/alzheimer-schlaganfall\/","og_site_name":"Prof. Dr. med. Bruno Baumann","article_modified_time":"2024-01-22T13:37:45+00:00","og_image":[{"url":"https:\/\/prof-baumann.de\/wp-content\/uploads\/2024\/01\/neurologie-kalkar-bauman-alzheimer-1024x244.jpg","type":"","width":"","height":""}],"twitter_card":"summary_large_image","twitter_misc":{"Gesch\u00e4tzte Lesezeit":"4\u00a0Minuten"},"schema":{"@context":"https:\/\/schema.org","@graph":[{"@type":"WebPage","@id":"https:\/\/prof-baumann.de\/index.php\/leistungen\/alzheimer-schlaganfall\/","url":"https:\/\/prof-baumann.de\/index.php\/leistungen\/alzheimer-schlaganfall\/","name":"Alzheimer, Schlaganfall - Prof. Dr. med. Bruno Baumann","isPartOf":{"@id":"https:\/\/prof-baumann.de\/#website"},"primaryImageOfPage":{"@id":"https:\/\/prof-baumann.de\/index.php\/leistungen\/alzheimer-schlaganfall\/#primaryimage"},"image":{"@id":"https:\/\/prof-baumann.de\/index.php\/leistungen\/alzheimer-schlaganfall\/#primaryimage"},"thumbnailUrl":"https:\/\/prof-baumann.de\/wp-content\/uploads\/2024\/01\/neurologie-kalkar-bauman-alzheimer-1024x244.jpg","datePublished":"2024-01-22T13:29:44+00:00","dateModified":"2024-01-22T13:37:45+00:00","breadcrumb":{"@id":"https:\/\/prof-baumann.de\/index.php\/leistungen\/alzheimer-schlaganfall\/#breadcrumb"},"inLanguage":"de","potentialAction":[{"@type":"ReadAction","target":["https:\/\/prof-baumann.de\/index.php\/leistungen\/alzheimer-schlaganfall\/"]}]},{"@type":"ImageObject","inLanguage":"de","@id":"https:\/\/prof-baumann.de\/index.php\/leistungen\/alzheimer-schlaganfall\/#primaryimage","url":"https:\/\/prof-baumann.de\/wp-content\/uploads\/2024\/01\/neurologie-kalkar-bauman-alzheimer.jpg","contentUrl":"https:\/\/prof-baumann.de\/wp-content\/uploads\/2024\/01\/neurologie-kalkar-bauman-alzheimer.jpg","width":1140,"height":272},{"@type":"BreadcrumbList","@id":"https:\/\/prof-baumann.de\/index.php\/leistungen\/alzheimer-schlaganfall\/#breadcrumb","itemListElement":[{"@type":"ListItem","position":1,"name":"Startseite","item":"https:\/\/prof-baumann.de\/"},{"@type":"ListItem","position":2,"name":"Leistungen","item":"https:\/\/prof-baumann.de\/index.php\/leistungen\/"},{"@type":"ListItem","position":3,"name":"Alzheimer, Schlaganfall"}]},{"@type":"WebSite","@id":"https:\/\/prof-baumann.de\/#website","url":"https:\/\/prof-baumann.de\/","name":"Prof. Dr. med. Bruno Baumann","description":"","potentialAction":[{"@type":"SearchAction","target":{"@type":"EntryPoint","urlTemplate":"https:\/\/prof-baumann.de\/?s={search_term_string}"},"query-input":{"@type":"PropertyValueSpecification","valueRequired":true,"valueName":"search_term_string"}}],"inLanguage":"de"}]}},"_links":{"self":[{"href":"https:\/\/prof-baumann.de\/index.php\/wp-json\/wp\/v2\/pages\/356","targetHints":{"allow":["GET"]}}],"collection":[{"href":"https:\/\/prof-baumann.de\/index.php\/wp-json\/wp\/v2\/pages"}],"about":[{"href":"https:\/\/prof-baumann.de\/index.php\/wp-json\/wp\/v2\/types\/page"}],"author":[{"embeddable":true,"href":"https:\/\/prof-baumann.de\/index.php\/wp-json\/wp\/v2\/users\/2"}],"replies":[{"embeddable":true,"href":"https:\/\/prof-baumann.de\/index.php\/wp-json\/wp\/v2\/comments?post=356"}],"version-history":[{"count":22,"href":"https:\/\/prof-baumann.de\/index.php\/wp-json\/wp\/v2\/pages\/356\/revisions"}],"predecessor-version":[{"id":378,"href":"https:\/\/prof-baumann.de\/index.php\/wp-json\/wp\/v2\/pages\/356\/revisions\/378"}],"up":[{"embeddable":true,"href":"https:\/\/prof-baumann.de\/index.php\/wp-json\/wp\/v2\/pages\/293"}],"wp:attachment":[{"href":"https:\/\/prof-baumann.de\/index.php\/wp-json\/wp\/v2\/media?parent=356"}],"curies":[{"name":"wp","href":"https:\/\/api.w.org\/{rel}","templated":true}]}}