{"id":416,"date":"2024-01-22T13:50:00","date_gmt":"2024-01-22T13:50:00","guid":{"rendered":"https:\/\/prof-baumann.de\/?page_id=416"},"modified":"2024-01-22T13:53:19","modified_gmt":"2024-01-22T13:53:19","slug":"spezielle-lichttherapie","status":"publish","type":"page","link":"https:\/\/prof-baumann.de\/index.php\/leistungen\/spezielle-lichttherapie\/","title":{"rendered":"Spezielle Lichttherapie"},"content":{"rendered":"\t\t<div data-elementor-type=\"wp-page\" data-elementor-id=\"416\" class=\"elementor elementor-416\">\n\t\t\t\t<div class=\"elementor-element elementor-element-8af5052 e-flex e-con-boxed wpr-particle-no wpr-jarallax-no wpr-parallax-no wpr-sticky-section-no wpr-equal-height-no e-con e-parent\" data-id=\"8af5052\" data-element_type=\"container\" data-e-type=\"container\">\n\t\t\t\t\t<div class=\"e-con-inner\">\n\t\t\t\t<div class=\"elementor-element elementor-element-777ba1e elementor-widget elementor-widget-image\" data-id=\"777ba1e\" data-element_type=\"widget\" data-e-type=\"widget\" data-widget_type=\"image.default\">\n\t\t\t\t<div class=\"elementor-widget-container\">\n\t\t\t\t\t\t\t\t\t\t\t\t\t\t\t<img fetchpriority=\"high\" decoding=\"async\" width=\"1024\" height=\"244\" src=\"https:\/\/prof-baumann.de\/wp-content\/uploads\/2024\/01\/neurologie-kalkar-bauman-lichttherapie-1024x244.jpg\" class=\"attachment-large size-large wp-image-418\" alt=\"\" srcset=\"https:\/\/prof-baumann.de\/wp-content\/uploads\/2024\/01\/neurologie-kalkar-bauman-lichttherapie-1024x244.jpg 1024w, https:\/\/prof-baumann.de\/wp-content\/uploads\/2024\/01\/neurologie-kalkar-bauman-lichttherapie-300x72.jpg 300w, https:\/\/prof-baumann.de\/wp-content\/uploads\/2024\/01\/neurologie-kalkar-bauman-lichttherapie-768x183.jpg 768w, https:\/\/prof-baumann.de\/wp-content\/uploads\/2024\/01\/neurologie-kalkar-bauman-lichttherapie.jpg 1140w\" sizes=\"(max-width: 1024px) 100vw, 1024px\" \/>\t\t\t\t\t\t\t\t\t\t\t\t\t\t\t<\/div>\n\t\t\t\t<\/div>\n\t\t\t\t\t<\/div>\n\t\t\t\t<\/div>\n\t\t<div class=\"elementor-element elementor-element-dd8afcf e-flex e-con-boxed wpr-particle-no wpr-jarallax-no wpr-parallax-no wpr-sticky-section-no wpr-equal-height-no e-con e-parent\" data-id=\"dd8afcf\" data-element_type=\"container\" data-e-type=\"container\">\n\t\t\t\t\t<div class=\"e-con-inner\">\n\t\t<div class=\"elementor-element elementor-element-7484316 e-con-full e-flex wpr-particle-no wpr-jarallax-no wpr-parallax-no wpr-sticky-section-no wpr-equal-height-no e-con e-child\" data-id=\"7484316\" data-element_type=\"container\" data-e-type=\"container\">\n\t\t\t\t<div class=\"elementor-element elementor-element-1a67ff7 elementor-widget elementor-widget-heading\" data-id=\"1a67ff7\" data-element_type=\"widget\" data-e-type=\"widget\" data-widget_type=\"heading.default\">\n\t\t\t\t<div class=\"elementor-widget-container\">\n\t\t\t\t\t<h1 class=\"elementor-heading-title elementor-size-default\">Spezielle Lichttherapie<\/h1>\t\t\t\t<\/div>\n\t\t\t\t<\/div>\n\t\t\t\t<div class=\"elementor-element elementor-element-e80206a elementor-widget elementor-widget-text-editor\" data-id=\"e80206a\" data-element_type=\"widget\" data-e-type=\"widget\" data-widget_type=\"text-editor.default\">\n\t\t\t\t<div class=\"elementor-widget-container\">\n\t\t\t\t\t\t\t\t\t<p>Der Mensch kann auf Licht ebenso wenig verzichten wie auf Nahrung. Licht ist ein Elixier, das die Prozesse des Lebens reguliert und positiv beeinflusst. Im Winter und zu regenreichen Zeiten bekommen wir den Lichtmangel deutlich zu sp\u00fcren. Bei vielen Menschen wird dadurch die Stimmung schlechter und ihre Leistungsf\u00e4higkeit nimmt ab. Die Ursachen hierf\u00fcr sind rein k\u00f6rperlich und lassen sich durch eine spezielle Lichttherapie sehr effektiv lindern.<\/p>\t\t\t\t\t\t\t\t<\/div>\n\t\t\t\t<\/div>\n\t\t\t\t<div class=\"elementor-element elementor-element-7fcd3d4 elementor-widget elementor-widget-heading\" data-id=\"7fcd3d4\" data-element_type=\"widget\" data-e-type=\"widget\" data-widget_type=\"heading.default\">\n\t\t\t\t<div class=\"elementor-widget-container\">\n\t\t\t\t\t<h4 class=\"elementor-heading-title elementor-size-default\">Was versteht man unter Lichttherapie?<\/h4>\t\t\t\t<\/div>\n\t\t\t\t<\/div>\n\t\t\t\t<div class=\"elementor-element elementor-element-9d160c3 elementor-widget elementor-widget-text-editor\" data-id=\"9d160c3\" data-element_type=\"widget\" data-e-type=\"widget\" data-widget_type=\"text-editor.default\">\n\t\t\t\t<div class=\"elementor-widget-container\">\n\t\t\t\t\t\t\t\t\t<p>Eine Lichttherapie gleicht im K\u00f6rper ein Ungleichgewicht wichtiger Botenstoffe und Hormone (z. B. Melatonin, Serotonin) aus. Der von den Netzhaut-Nerven gemeldete Lichtreiz blockiert die Aussch\u00fcttung des Schlafhormons Melatonin.<br \/><br \/>Die Lichttherapie ist eine sanfte Methode, zu einem normalen Tagesablauf zur\u00fcckzufinden und das Wohlbefinden zu steigern. Die positiven Energien des Lichts stabilisieren das Immunsystem und beugen Krankheiten vor. Noch wesentlich effektiver ist durch ein neues Verfahren die hier angebotene spezielle Lichttherapie.<\/p>\t\t\t\t\t\t\t\t<\/div>\n\t\t\t\t<\/div>\n\t\t\t\t<div class=\"elementor-element elementor-element-08e606e elementor-widget elementor-widget-heading\" data-id=\"08e606e\" data-element_type=\"widget\" data-e-type=\"widget\" data-widget_type=\"heading.default\">\n\t\t\t\t<div class=\"elementor-widget-container\">\n\t\t\t\t\t<h4 class=\"elementor-heading-title elementor-size-default\">Wann ist eine Lichttherapie zu empfehlen?<\/h4>\t\t\t\t<\/div>\n\t\t\t\t<\/div>\n\t\t\t\t<div class=\"elementor-element elementor-element-42650fa elementor-widget elementor-widget-text-editor\" data-id=\"42650fa\" data-element_type=\"widget\" data-e-type=\"widget\" data-widget_type=\"text-editor.default\">\n\t\t\t\t<div class=\"elementor-widget-container\">\n\t\t\t\t\t\t\t\t\t<p class=\"bodytext\">Die Lichttherapie wird eingesetzt, um Regulationsst\u00f6rungen, die Leistungsabbau und Mi\u00dfbefinden zugrunde liegen, auszugleichen. Dies kann sich in einer Vielfalt von Symptomen \u00e4u\u00dfern:<\/p><ul><li>Depression, vor allem in der \u201edunklen Jahreszeit\u201c<\/li><li>Antriebslosigkeit und verringerte Leistungsf\u00e4higkeit<\/li><li>Niedergedr\u00fcckte Stimmung und Traurigkeit<\/li><li>Starke Gewichtszunahme und Hei\u00dfhunger auf S\u00fc\u00dfes<\/li><li>Schlafst\u00f6rungen<\/li><li>Konzentrations- und Ged\u00e4chtnisst\u00f6rungen<\/li><li>Benommenheit<\/li><\/ul><p class=\"bodytext\">Auch ein gest\u00f6rter Biorhythmus, bei dem die innere Uhr aus dem \u201erichtigen Takt\u201c gekommen ist, kann mit einer Lichttherapie behandelt werden. <br \/><br \/>Die positive Wirkung des Lichts kann schon nach wenigen Tagen auftreten!<\/p>\t\t\t\t\t\t\t\t<\/div>\n\t\t\t\t<\/div>\n\t\t\t\t<div class=\"elementor-element elementor-element-3a21a03 elementor-widget elementor-widget-heading\" data-id=\"3a21a03\" data-element_type=\"widget\" data-e-type=\"widget\" data-widget_type=\"heading.default\">\n\t\t\t\t<div class=\"elementor-widget-container\">\n\t\t\t\t\t<h4 class=\"elementor-heading-title elementor-size-default\">Wie l\u00e4uft die Therapie ab?<\/h4>\t\t\t\t<\/div>\n\t\t\t\t<\/div>\n\t\t\t\t<div class=\"elementor-element elementor-element-dfa9fad elementor-widget elementor-widget-text-editor\" data-id=\"dfa9fad\" data-element_type=\"widget\" data-e-type=\"widget\" data-widget_type=\"text-editor.default\">\n\t\t\t\t<div class=\"elementor-widget-container\">\n\t\t\t\t\t\t\t\t\t<p>Bei der Lichttherapie setzt sich der Patient einer angenehm hellen Lichtquelle aus. Bei der speziellen Lichttherapie in unserem Centrum geschieht dies auf eine differenziertere und damit wirksamere Art. Hierdurch ist im Gegensatz zur herk\u00f6mmlichen Lichttherapie keine t\u00e4gliche, sondern in der Regel nur eine w\u00f6chentliche Anwendung erforderlich. Dieser Vorgang wird auch als \u201eLichtduschen\u201c bezeichnet. Die Strahlung ist dem Sonnenlicht nachempfunden, ist jedoch frei von UV-Strahlen und sch\u00e4digt dadurch weder die Haut noch das Auge. <br \/><br \/>F\u00fcr eine Symptomlinderung ist eine Behandlung \u00fcber ca. 6-8 Wochen mit jeweils einer Sitzung pro Woche sinnvoll. Zur Vorbeugung von Krankheiten reicht eine Sitzung alle 2-4 Wochen. Jede Sitzung dauert ca. 30 Minuten, w\u00e4hrend dieser Zeit k\u00f6nnen Sie Musik h\u00f6ren oder sich einfach entspannen. Zur Optimierung der Wirkung wird der Effekt der Lichttherapie direkt w\u00e4hrend der Behandlung gemessen. Wichtig ist, dass Sie w\u00e4hrend der Lichtdusche die Augen ge\u00f6ffnet halten, da die Netzhaut des Auges die Lichtreize empf\u00e4ngt und die Information von dort aus an das Gehirn weitergeleitet wird.<\/p>\t\t\t\t\t\t\t\t<\/div>\n\t\t\t\t<\/div>\n\t\t\t\t<div class=\"elementor-element elementor-element-f007126 elementor-widget elementor-widget-heading\" data-id=\"f007126\" data-element_type=\"widget\" data-e-type=\"widget\" data-widget_type=\"heading.default\">\n\t\t\t\t<div class=\"elementor-widget-container\">\n\t\t\t\t\t<h4 class=\"elementor-heading-title elementor-size-default\"><a href=\"https:\/\/prof-baumann.de\/wp-content\/uploads\/2024\/01\/spezielle_lichttherapie_flyer.pdf\" target=\"_blank\">Flyer als Download<\/a><\/h4>\t\t\t\t<\/div>\n\t\t\t\t<\/div>\n\t\t\t\t<\/div>\n\t\t<div class=\"elementor-element elementor-element-d792ff2 e-con-full e-flex wpr-particle-no wpr-jarallax-no wpr-parallax-no wpr-sticky-section-no wpr-equal-height-no e-con e-child\" data-id=\"d792ff2\" data-element_type=\"container\" data-e-type=\"container\">\n\t\t\t\t<div class=\"elementor-element elementor-element-35ef1b0 elementor-widget elementor-widget-heading\" data-id=\"35ef1b0\" data-element_type=\"widget\" data-e-type=\"widget\" data-widget_type=\"heading.default\">\n\t\t\t\t<div class=\"elementor-widget-container\">\n\t\t\t\t\t<h4 class=\"elementor-heading-title elementor-size-default\">Prof. Dr. med. Bruno Baumann<\/h4>\t\t\t\t<\/div>\n\t\t\t\t<\/div>\n\t\t\t\t<div class=\"elementor-element elementor-element-4cc03c9 elementor-widget elementor-widget-text-editor\" data-id=\"4cc03c9\" data-element_type=\"widget\" data-e-type=\"widget\" data-widget_type=\"text-editor.default\">\n\t\t\t\t<div class=\"elementor-widget-container\">\n\t\t\t\t\t\t\t\t\t<p><strong>Centrum f\u00fcr Neurotherapie und Schmerztherapie (CNST Kalkar)<\/strong><\/p><p>Talstasse 19<br \/>47546 Kalkar<br \/><br \/><strong>Tel:<\/strong> <a href=\"tel:02824 962568-0\">02824 962568-0<\/a><br \/><strong>Fax:<\/strong> 02824 962568-38<\/p>\t\t\t\t\t\t\t\t<\/div>\n\t\t\t\t<\/div>\n\t\t\t\t<div class=\"elementor-element elementor-element-67de235 elementor-widget elementor-widget-heading\" data-id=\"67de235\" data-element_type=\"widget\" data-e-type=\"widget\" data-widget_type=\"heading.default\">\n\t\t\t\t<div class=\"elementor-widget-container\">\n\t\t\t\t\t<h4 class=\"elementor-heading-title elementor-size-default\">Sprechzeiten<\/h4>\t\t\t\t<\/div>\n\t\t\t\t<\/div>\n\t\t\t\t<div class=\"elementor-element elementor-element-df25e36 elementor-widget elementor-widget-uael-business-hours\" data-id=\"df25e36\" data-element_type=\"widget\" data-e-type=\"widget\" data-settings=\"{&quot;section_bs_list_padding&quot;:{&quot;unit&quot;:&quot;px&quot;,&quot;top&quot;:&quot;0&quot;,&quot;right&quot;:&quot;0&quot;,&quot;bottom&quot;:&quot;0&quot;,&quot;left&quot;:&quot;0&quot;,&quot;isLinked&quot;:false},&quot;business_hours_day_align&quot;:&quot;left&quot;,&quot;business_hours_time_align&quot;:&quot;left&quot;,&quot;section_bs_list_padding_tablet&quot;:{&quot;unit&quot;:&quot;px&quot;,&quot;top&quot;:&quot;&quot;,&quot;right&quot;:&quot;&quot;,&quot;bottom&quot;:&quot;&quot;,&quot;left&quot;:&quot;&quot;,&quot;isLinked&quot;:true},&quot;section_bs_list_padding_mobile&quot;:{&quot;unit&quot;:&quot;px&quot;,&quot;top&quot;:&quot;&quot;,&quot;right&quot;:&quot;&quot;,&quot;bottom&quot;:&quot;&quot;,&quot;left&quot;:&quot;&quot;,&quot;isLinked&quot;:true}}\" data-widget_type=\"uael-business-hours.default\">\n\t\t\t\t<div class=\"elementor-widget-container\">\n\t\t\t\t\t\t<div class=\"uael-business-scheduler-box-wrapper\">\n\t\t\t<div class=\"uael-days\">\n\t\t\t\t\t\t\t<!-- CURRENT_ITEM div -->\n\t\t\t\t<div class=\"elementor-repeater-item-561a13f top-border-divider bs-background\">\n\t\t\t\t\t<div class=\"uael-inner\">\n\t\t\t\t\t\t<span class=\"heading-date uael-business-day\">\n\t\t\t\t\t\t\t<span>Montag<\/span>\n\t\t\t\t\t\t<\/span>\n\n\t\t\t\t\t\t<span class=\"heading-time uael-business-time\">\n\t\t\t\t\t\t\t<span class=\"inner-heading-time\">\n\t\t\t\t\t\t\t\t<span>\t09.00 - 12.00 Uhr 15.00 - 17.00 Uhr<\/span>\n\t\t\t\t\t\t\t<\/span>\n\t\t\t\t\t\t<\/span>\n\t\t\t\t\t<\/div>\n\t\t\t\t<\/div>\n\t\t\t\t\t\t\t\t<!-- CURRENT_ITEM div -->\n\t\t\t\t<div class=\"elementor-repeater-item-401e5c3 top-border-divider bs-background\">\n\t\t\t\t\t<div class=\"uael-inner uael-inner\">\n\t\t\t\t\t\t<span class=\"heading-date uael-business-day\">\n\t\t\t\t\t\t\t<span>Dienstag<\/span>\n\t\t\t\t\t\t<\/span>\n\n\t\t\t\t\t\t<span class=\"heading-time uael-business-time\">\n\t\t\t\t\t\t\t<span class=\"inner-heading-time inner-heading-time\">\n\t\t\t\t\t\t\t\t<span>09.00 - 12.00 Uhr<\/span>\n\t\t\t\t\t\t\t<\/span>\n\t\t\t\t\t\t<\/span>\n\t\t\t\t\t<\/div>\n\t\t\t\t<\/div>\n\t\t\t\t\t\t\t\t<!-- CURRENT_ITEM div -->\n\t\t\t\t<div class=\"elementor-repeater-item-e64c2ac top-border-divider bs-background\">\n\t\t\t\t\t<div class=\"uael-inner uael-inner uael-inner\">\n\t\t\t\t\t\t<span class=\"heading-date uael-business-day\">\n\t\t\t\t\t\t\t<span>Mittwoch<\/span>\n\t\t\t\t\t\t<\/span>\n\n\t\t\t\t\t\t<span class=\"heading-time uael-business-time\">\n\t\t\t\t\t\t\t<span class=\"inner-heading-time inner-heading-time inner-heading-time\">\n\t\t\t\t\t\t\t\t<span>09.00 - 12.00 Uhr<\/span>\n\t\t\t\t\t\t\t<\/span>\n\t\t\t\t\t\t<\/span>\n\t\t\t\t\t<\/div>\n\t\t\t\t<\/div>\n\t\t\t\t\t\t\t\t<!-- CURRENT_ITEM div -->\n\t\t\t\t<div class=\"elementor-repeater-item-f777d7c top-border-divider bs-background\">\n\t\t\t\t\t<div class=\"uael-inner uael-inner uael-inner uael-inner\">\n\t\t\t\t\t\t<span class=\"heading-date uael-business-day\">\n\t\t\t\t\t\t\t<span>Donnerstag<\/span>\n\t\t\t\t\t\t<\/span>\n\n\t\t\t\t\t\t<span class=\"heading-time uael-business-time\">\n\t\t\t\t\t\t\t<span class=\"inner-heading-time inner-heading-time inner-heading-time inner-heading-time\">\n\t\t\t\t\t\t\t\t<span>09.00 - 12.00 Uhr 15.00 - 17.00 Uhr<\/span>\n\t\t\t\t\t\t\t<\/span>\n\t\t\t\t\t\t<\/span>\n\t\t\t\t\t<\/div>\n\t\t\t\t<\/div>\n\t\t\t\t\t\t\t\t<!-- CURRENT_ITEM div -->\n\t\t\t\t<div class=\"elementor-repeater-item-0e68a05 top-border-divider bs-background\">\n\t\t\t\t\t<div class=\"uael-inner uael-inner uael-inner uael-inner uael-inner\">\n\t\t\t\t\t\t<span class=\"heading-date uael-business-day\">\n\t\t\t\t\t\t\t<span>Freitag<\/span>\n\t\t\t\t\t\t<\/span>\n\n\t\t\t\t\t\t<span class=\"heading-time uael-business-time\">\n\t\t\t\t\t\t\t<span class=\"inner-heading-time inner-heading-time inner-heading-time inner-heading-time inner-heading-time\">\n\t\t\t\t\t\t\t\t<span>09.00 - 12.00 Uhr<\/span>\n\t\t\t\t\t\t\t<\/span>\n\t\t\t\t\t\t<\/span>\n\t\t\t\t\t<\/div>\n\t\t\t\t<\/div>\n\t\t\t\t\t\t<\/div>\n\t\t<\/div>\n\t\t\t\t\t<\/div>\n\t\t\t\t<\/div>\n\t\t\t\t<\/div>\n\t\t\t\t\t<\/div>\n\t\t\t\t<\/div>\n\t\t\t\t<\/div>\n\t\t","protected":false},"excerpt":{"rendered":"<p>Spezielle Lichttherapie Der Mensch kann auf Licht ebenso wenig verzichten wie auf Nahrung. Licht ist ein Elixier, das die Prozesse<\/p>\n","protected":false},"author":2,"featured_media":0,"parent":293,"menu_order":6,"comment_status":"closed","ping_status":"closed","template":"","meta":{"site-sidebar-layout":"no-sidebar","site-content-layout":"","ast-site-content-layout":"full-width-container","site-content-style":"default","site-sidebar-style":"default","ast-global-header-display":"","ast-banner-title-visibility":"","ast-main-header-display":"","ast-hfb-above-header-display":"","ast-hfb-below-header-display":"","ast-hfb-mobile-header-display":"","site-post-title":"disabled","ast-breadcrumbs-content":"","ast-featured-img":"disabled","footer-sml-layout":"","ast-disable-related-posts":"","theme-transparent-header-meta":"","adv-header-id-meta":"","stick-header-meta":"","header-above-stick-meta":"","header-main-stick-meta":"","header-below-stick-meta":"","astra-migrate-meta-layouts":"default","ast-page-background-enabled":"default","ast-page-background-meta":{"desktop":{"background-color":"var(--ast-global-color-4)","background-image":"","background-repeat":"repeat","background-position":"center center","background-size":"auto","background-attachment":"scroll","background-type":"","background-media":"","overlay-type":"","overlay-color":"","overlay-opacity":"","overlay-gradient":""},"tablet":{"background-color":"","background-image":"","background-repeat":"repeat","background-position":"center center","background-size":"auto","background-attachment":"scroll","background-type":"","background-media":"","overlay-type":"","overlay-color":"","overlay-opacity":"","overlay-gradient":""},"mobile":{"background-color":"","background-image":"","background-repeat":"repeat","background-position":"center center","background-size":"auto","background-attachment":"scroll","background-type":"","background-media":"","overlay-type":"","overlay-color":"","overlay-opacity":"","overlay-gradient":""}},"ast-content-background-meta":{"desktop":{"background-color":"var(--ast-global-color-5)","background-image":"","background-repeat":"repeat","background-position":"center center","background-size":"auto","background-attachment":"scroll","background-type":"","background-media":"","overlay-type":"","overlay-color":"","overlay-opacity":"","overlay-gradient":""},"tablet":{"background-color":"var(--ast-global-color-5)","background-image":"","background-repeat":"repeat","background-position":"center center","background-size":"auto","background-attachment":"scroll","background-type":"","background-media":"","overlay-type":"","overlay-color":"","overlay-opacity":"","overlay-gradient":""},"mobile":{"background-color":"var(--ast-global-color-5)","background-image":"","background-repeat":"repeat","background-position":"center center","background-size":"auto","background-attachment":"scroll","background-type":"","background-media":"","overlay-type":"","overlay-color":"","overlay-opacity":"","overlay-gradient":""}},"footnotes":""},"class_list":["post-416","page","type-page","status-publish","hentry"],"yoast_head":"<!-- This site is optimized with the Yoast SEO plugin v27.5 - https:\/\/yoast.com\/product\/yoast-seo-wordpress\/ -->\n<title>Spezielle Lichttherapie - Prof. Dr. med. Bruno Baumann<\/title>\n<meta name=\"robots\" content=\"index, follow, max-snippet:-1, max-image-preview:large, max-video-preview:-1\" \/>\n<link rel=\"canonical\" href=\"https:\/\/prof-baumann.de\/index.php\/leistungen\/spezielle-lichttherapie\/\" \/>\n<meta property=\"og:locale\" content=\"de_DE\" \/>\n<meta property=\"og:type\" content=\"article\" \/>\n<meta property=\"og:title\" content=\"Spezielle Lichttherapie - Prof. Dr. med. Bruno Baumann\" \/>\n<meta property=\"og:description\" content=\"Spezielle Lichttherapie Der Mensch kann auf Licht ebenso wenig verzichten wie auf Nahrung. Licht ist ein Elixier, das die Prozesse\" \/>\n<meta property=\"og:url\" content=\"https:\/\/prof-baumann.de\/index.php\/leistungen\/spezielle-lichttherapie\/\" \/>\n<meta property=\"og:site_name\" content=\"Prof. Dr. med. Bruno Baumann\" \/>\n<meta property=\"article:modified_time\" content=\"2024-01-22T13:53:19+00:00\" \/>\n<meta property=\"og:image\" content=\"https:\/\/prof-baumann.de\/wp-content\/uploads\/2024\/01\/neurologie-kalkar-bauman-lichttherapie-1024x244.jpg\" \/>\n<meta name=\"twitter:card\" content=\"summary_large_image\" \/>\n<meta name=\"twitter:label1\" content=\"Gesch\u00e4tzte Lesezeit\" \/>\n\t<meta name=\"twitter:data1\" content=\"3\u00a0Minuten\" \/>\n<script type=\"application\/ld+json\" class=\"yoast-schema-graph\">{\"@context\":\"https:\\\/\\\/schema.org\",\"@graph\":[{\"@type\":\"WebPage\",\"@id\":\"https:\\\/\\\/prof-baumann.de\\\/index.php\\\/leistungen\\\/spezielle-lichttherapie\\\/\",\"url\":\"https:\\\/\\\/prof-baumann.de\\\/index.php\\\/leistungen\\\/spezielle-lichttherapie\\\/\",\"name\":\"Spezielle Lichttherapie - Prof. Dr. med. Bruno Baumann\",\"isPartOf\":{\"@id\":\"https:\\\/\\\/prof-baumann.de\\\/#website\"},\"primaryImageOfPage\":{\"@id\":\"https:\\\/\\\/prof-baumann.de\\\/index.php\\\/leistungen\\\/spezielle-lichttherapie\\\/#primaryimage\"},\"image\":{\"@id\":\"https:\\\/\\\/prof-baumann.de\\\/index.php\\\/leistungen\\\/spezielle-lichttherapie\\\/#primaryimage\"},\"thumbnailUrl\":\"https:\\\/\\\/prof-baumann.de\\\/wp-content\\\/uploads\\\/2024\\\/01\\\/neurologie-kalkar-bauman-lichttherapie-1024x244.jpg\",\"datePublished\":\"2024-01-22T13:50:00+00:00\",\"dateModified\":\"2024-01-22T13:53:19+00:00\",\"breadcrumb\":{\"@id\":\"https:\\\/\\\/prof-baumann.de\\\/index.php\\\/leistungen\\\/spezielle-lichttherapie\\\/#breadcrumb\"},\"inLanguage\":\"de\",\"potentialAction\":[{\"@type\":\"ReadAction\",\"target\":[\"https:\\\/\\\/prof-baumann.de\\\/index.php\\\/leistungen\\\/spezielle-lichttherapie\\\/\"]}]},{\"@type\":\"ImageObject\",\"inLanguage\":\"de\",\"@id\":\"https:\\\/\\\/prof-baumann.de\\\/index.php\\\/leistungen\\\/spezielle-lichttherapie\\\/#primaryimage\",\"url\":\"https:\\\/\\\/prof-baumann.de\\\/wp-content\\\/uploads\\\/2024\\\/01\\\/neurologie-kalkar-bauman-lichttherapie.jpg\",\"contentUrl\":\"https:\\\/\\\/prof-baumann.de\\\/wp-content\\\/uploads\\\/2024\\\/01\\\/neurologie-kalkar-bauman-lichttherapie.jpg\",\"width\":1140,\"height\":272},{\"@type\":\"BreadcrumbList\",\"@id\":\"https:\\\/\\\/prof-baumann.de\\\/index.php\\\/leistungen\\\/spezielle-lichttherapie\\\/#breadcrumb\",\"itemListElement\":[{\"@type\":\"ListItem\",\"position\":1,\"name\":\"Startseite\",\"item\":\"https:\\\/\\\/prof-baumann.de\\\/\"},{\"@type\":\"ListItem\",\"position\":2,\"name\":\"Leistungen\",\"item\":\"https:\\\/\\\/prof-baumann.de\\\/index.php\\\/leistungen\\\/\"},{\"@type\":\"ListItem\",\"position\":3,\"name\":\"Spezielle Lichttherapie\"}]},{\"@type\":\"WebSite\",\"@id\":\"https:\\\/\\\/prof-baumann.de\\\/#website\",\"url\":\"https:\\\/\\\/prof-baumann.de\\\/\",\"name\":\"Prof. Dr. med. Bruno Baumann\",\"description\":\"\",\"potentialAction\":[{\"@type\":\"SearchAction\",\"target\":{\"@type\":\"EntryPoint\",\"urlTemplate\":\"https:\\\/\\\/prof-baumann.de\\\/?s={search_term_string}\"},\"query-input\":{\"@type\":\"PropertyValueSpecification\",\"valueRequired\":true,\"valueName\":\"search_term_string\"}}],\"inLanguage\":\"de\"}]}<\/script>\n<!-- \/ Yoast SEO plugin. -->","yoast_head_json":{"title":"Spezielle Lichttherapie - Prof. Dr. med. Bruno Baumann","robots":{"index":"index","follow":"follow","max-snippet":"max-snippet:-1","max-image-preview":"max-image-preview:large","max-video-preview":"max-video-preview:-1"},"canonical":"https:\/\/prof-baumann.de\/index.php\/leistungen\/spezielle-lichttherapie\/","og_locale":"de_DE","og_type":"article","og_title":"Spezielle Lichttherapie - Prof. Dr. med. Bruno Baumann","og_description":"Spezielle Lichttherapie Der Mensch kann auf Licht ebenso wenig verzichten wie auf Nahrung. Licht ist ein Elixier, das die Prozesse","og_url":"https:\/\/prof-baumann.de\/index.php\/leistungen\/spezielle-lichttherapie\/","og_site_name":"Prof. Dr. med. Bruno Baumann","article_modified_time":"2024-01-22T13:53:19+00:00","og_image":[{"url":"https:\/\/prof-baumann.de\/wp-content\/uploads\/2024\/01\/neurologie-kalkar-bauman-lichttherapie-1024x244.jpg","type":"","width":"","height":""}],"twitter_card":"summary_large_image","twitter_misc":{"Gesch\u00e4tzte Lesezeit":"3\u00a0Minuten"},"schema":{"@context":"https:\/\/schema.org","@graph":[{"@type":"WebPage","@id":"https:\/\/prof-baumann.de\/index.php\/leistungen\/spezielle-lichttherapie\/","url":"https:\/\/prof-baumann.de\/index.php\/leistungen\/spezielle-lichttherapie\/","name":"Spezielle Lichttherapie - Prof. Dr. med. Bruno Baumann","isPartOf":{"@id":"https:\/\/prof-baumann.de\/#website"},"primaryImageOfPage":{"@id":"https:\/\/prof-baumann.de\/index.php\/leistungen\/spezielle-lichttherapie\/#primaryimage"},"image":{"@id":"https:\/\/prof-baumann.de\/index.php\/leistungen\/spezielle-lichttherapie\/#primaryimage"},"thumbnailUrl":"https:\/\/prof-baumann.de\/wp-content\/uploads\/2024\/01\/neurologie-kalkar-bauman-lichttherapie-1024x244.jpg","datePublished":"2024-01-22T13:50:00+00:00","dateModified":"2024-01-22T13:53:19+00:00","breadcrumb":{"@id":"https:\/\/prof-baumann.de\/index.php\/leistungen\/spezielle-lichttherapie\/#breadcrumb"},"inLanguage":"de","potentialAction":[{"@type":"ReadAction","target":["https:\/\/prof-baumann.de\/index.php\/leistungen\/spezielle-lichttherapie\/"]}]},{"@type":"ImageObject","inLanguage":"de","@id":"https:\/\/prof-baumann.de\/index.php\/leistungen\/spezielle-lichttherapie\/#primaryimage","url":"https:\/\/prof-baumann.de\/wp-content\/uploads\/2024\/01\/neurologie-kalkar-bauman-lichttherapie.jpg","contentUrl":"https:\/\/prof-baumann.de\/wp-content\/uploads\/2024\/01\/neurologie-kalkar-bauman-lichttherapie.jpg","width":1140,"height":272},{"@type":"BreadcrumbList","@id":"https:\/\/prof-baumann.de\/index.php\/leistungen\/spezielle-lichttherapie\/#breadcrumb","itemListElement":[{"@type":"ListItem","position":1,"name":"Startseite","item":"https:\/\/prof-baumann.de\/"},{"@type":"ListItem","position":2,"name":"Leistungen","item":"https:\/\/prof-baumann.de\/index.php\/leistungen\/"},{"@type":"ListItem","position":3,"name":"Spezielle Lichttherapie"}]},{"@type":"WebSite","@id":"https:\/\/prof-baumann.de\/#website","url":"https:\/\/prof-baumann.de\/","name":"Prof. Dr. med. Bruno Baumann","description":"","potentialAction":[{"@type":"SearchAction","target":{"@type":"EntryPoint","urlTemplate":"https:\/\/prof-baumann.de\/?s={search_term_string}"},"query-input":{"@type":"PropertyValueSpecification","valueRequired":true,"valueName":"search_term_string"}}],"inLanguage":"de"}]}},"_links":{"self":[{"href":"https:\/\/prof-baumann.de\/index.php\/wp-json\/wp\/v2\/pages\/416","targetHints":{"allow":["GET"]}}],"collection":[{"href":"https:\/\/prof-baumann.de\/index.php\/wp-json\/wp\/v2\/pages"}],"about":[{"href":"https:\/\/prof-baumann.de\/index.php\/wp-json\/wp\/v2\/types\/page"}],"author":[{"embeddable":true,"href":"https:\/\/prof-baumann.de\/index.php\/wp-json\/wp\/v2\/users\/2"}],"replies":[{"embeddable":true,"href":"https:\/\/prof-baumann.de\/index.php\/wp-json\/wp\/v2\/comments?post=416"}],"version-history":[{"count":23,"href":"https:\/\/prof-baumann.de\/index.php\/wp-json\/wp\/v2\/pages\/416\/revisions"}],"predecessor-version":[{"id":441,"href":"https:\/\/prof-baumann.de\/index.php\/wp-json\/wp\/v2\/pages\/416\/revisions\/441"}],"up":[{"embeddable":true,"href":"https:\/\/prof-baumann.de\/index.php\/wp-json\/wp\/v2\/pages\/293"}],"wp:attachment":[{"href":"https:\/\/prof-baumann.de\/index.php\/wp-json\/wp\/v2\/media?parent=416"}],"curies":[{"name":"wp","href":"https:\/\/api.w.org\/{rel}","templated":true}]}}